{"id":124,"date":"2019-09-11T13:23:25","date_gmt":"2019-09-11T11:23:25","guid":{"rendered":"https:\/\/www.siliceysalud.es\/?page_id=124"},"modified":"2023-10-20T11:35:29","modified_gmt":"2023-10-20T09:35:29","slug":"foco-medio-trabajador","status":"publish","type":"page","link":"https:\/\/www.siliceysalud.es\/index.php\/control-de-la-exposicion\/actuaciones-tecnicas\/foco-medio-trabajador\/","title":{"rendered":"Foco \u2013 Medio &#8211; Trabajador"},"content":{"rendered":"<p><div class=\"fusion-fullwidth fullwidth-box fusion-builder-row-1 nonhundred-percent-fullwidth non-hundred-percent-height-scrolling\" style=\"--awb-border-radius-top-left:0px;--awb-border-radius-top-right:0px;--awb-border-radius-bottom-right:0px;--awb-border-radius-bottom-left:0px;--awb-flex-wrap:wrap;\" ><div class=\"fusion-builder-row fusion-row\"><div class=\"fusion-layout-column fusion_builder_column fusion-builder-column-0 fusion_builder_column_1_1 1_1 fusion-one-full fusion-column-first fusion-column-last\" style=\"--awb-bg-size:cover;\"><div class=\"fusion-column-wrapper fusion-column-has-shadow fusion-flex-column-wrapper-legacy\"><div class=\"fusion-text fusion-text-1\"><p style=\"text-align: justify;\"><span style=\"font-family: helvetica, arial, sans-serif; font-size: 14pt;\">Seg\u00fan la <a href=\"https:\/\/www.siliceysalud.es\/index.php\/normativa-jurisprudencia\/\" target=\"_blank\" rel=\"noopener noreferrer\">normativa <\/a>actual vigente, se deben de acometer medidas de actuaci\u00f3n frente al polvo de SCR tales que no permitan la salida del mismo al ambiente, es decir actuando sobre el foco. En caso que no sea t\u00e9cnicamente posible se debe de garantizar que el nivel de exposici\u00f3n de los trabajadores se reduzca a un nivel tan bajo como sea t\u00e9cnicamente posible.<\/span><\/p>\n<p style=\"text-align: justify;\"><span style=\"font-family: helvetica, arial, sans-serif; font-size: 14pt;\">Para conseguirlo se debe de actuar por orden de preferencia en el FOCO, MEDIO Y SOBRE EL TRABAJADOR tal y como se exige en los principios de la actividad preventiva incluidos en el art\u00edculo 15 de la <a href=\"https:\/\/www.boe.es\/eli\/es\/l\/1995\/11\/08\/31\/con\" target=\"_blank\" rel=\"noopener noreferrer\">LPRL 31\/1995<\/a>.<\/span><\/p>\n<\/div><div class=\"fusion-clearfix\"><\/div><\/div><\/div><\/div><\/div><div class=\"fusion-fullwidth fullwidth-box fusion-builder-row-2 nonhundred-percent-fullwidth non-hundred-percent-height-scrolling\" style=\"--awb-border-radius-top-left:0px;--awb-border-radius-top-right:0px;--awb-border-radius-bottom-right:0px;--awb-border-radius-bottom-left:0px;--awb-flex-wrap:wrap;\" ><div class=\"fusion-builder-row fusion-row\"><div class=\"fusion-layout-column fusion_builder_column fusion-builder-column-1 fusion_builder_column_1_1 1_1 fusion-one-full fusion-column-first fusion-column-last\" style=\"--awb-bg-size:cover;\"><div class=\"fusion-column-wrapper fusion-column-has-shadow fusion-flex-column-wrapper-legacy\"><div class=\"fusion-tabs fusion-tabs-1 classic nav-is-justified horizontal-tabs icon-position-left mobile-mode-accordion\" style=\"--awb-title-border-radius-top-left:0px;--awb-title-border-radius-top-right:0px;--awb-title-border-radius-bottom-right:0px;--awb-title-border-radius-bottom-left:0px;--awb-alignment:start;--awb-inactive-color:#ebeaea;--awb-background-color:#ffffff;--awb-border-color:#ebeaea;--awb-active-border-color:#9d9c9c;\"><div class=\"nav\"><ul class=\"nav-tabs nav-justified\" role=\"tablist\" aria-orientation=\"horizontal\"><li class=\"active\" role=\"presentation\"><a class=\"tab-link\" data-toggle=\"tab\" role=\"tab\" aria-controls=\"tab-3850a6e1dd229d631c2\" aria-selected=\"true\" tabindex=\"0\" id=\"fusion-tab-3850a6e1dd229d631c2\" href=\"#tab-3850a6e1dd229d631c2\"><h4 class=\"fusion-tab-heading\">FUENTE<\/h4><\/a><\/li><li  role=\"presentation\"><a class=\"tab-link\" data-toggle=\"tab\" role=\"tab\" aria-controls=\"tab-65b25d1d27eda9ecfe3\" aria-selected=\"false\" tabindex=\"-1\" id=\"fusion-tab-65b25d1d27eda9ecfe3\" href=\"#tab-65b25d1d27eda9ecfe3\"><h4 class=\"fusion-tab-heading\">MEDIO<\/h4><\/a><\/li><li  role=\"presentation\"><a class=\"tab-link\" data-toggle=\"tab\" role=\"tab\" aria-controls=\"tab-8ed7e3822a9147a95b8\" aria-selected=\"false\" tabindex=\"-1\" id=\"fusion-tab-8ed7e3822a9147a95b8\" href=\"#tab-8ed7e3822a9147a95b8\"><h4 class=\"fusion-tab-heading\">SOBRE EL TRABAJADOR<\/h4><\/a><\/li><\/ul><\/div><div class=\"tab-content\"><div class=\"nav fusion-mobile-tab-nav\"><ul class=\"nav-tabs nav-justified\" role=\"tablist\" aria-orientation=\"horizontal\"><li class=\"active\" role=\"presentation\"><a class=\"tab-link\" data-toggle=\"tab\" role=\"tab\" aria-controls=\"tab-3850a6e1dd229d631c2\" aria-selected=\"true\" tabindex=\"0\" id=\"mobile-fusion-tab-3850a6e1dd229d631c2\" href=\"#tab-3850a6e1dd229d631c2\"><h4 class=\"fusion-tab-heading\">FUENTE<\/h4><\/a><\/li><\/ul><\/div><div class=\"tab-pane fade fusion-clearfix in active\" role=\"tabpanel\" tabindex=\"0\" aria-labelledby=\"fusion-tab-3850a6e1dd229d631c2\" id=\"tab-3850a6e1dd229d631c2\">\n<p><span style=\"font-family: helvetica, arial, sans-serif; font-size: 14pt;\">Pretenden la eliminaci\u00f3n o reducci\u00f3n del riesgo en el mismo origen en el que se genera.<\/span><\/p>\n<ul>\n<li><span style=\"font-family: helvetica, arial, sans-serif; font-size: 14pt;\">Redise\u00f1o del proceso.<\/span><\/li>\n<li><span style=\"font-family: helvetica, arial, sans-serif; font-size: 14pt;\">Aislamiento o confinamiento.<\/span><\/li>\n<li><span style=\"font-family: helvetica, arial, sans-serif; font-size: 14pt;\">M\u00e9todos h\u00famedos.<\/span><\/li>\n<li><span style=\"font-family: helvetica, arial, sans-serif; font-size: 14pt;\">Extracci\u00f3n localizada.<\/span><\/li>\n<\/ul>\n<p><span style=\"font-family: helvetica, arial, sans-serif; font-size: 14pt;\"><img decoding=\"async\" class=\"aligncenter wp-image-403\" src=\"https:\/\/www.siliceysalud.es\/wp-content\/uploads\/2019\/10\/P5270232-600x450.jpg\" alt=\"\" width=\"667\" height=\"500\" srcset=\"https:\/\/www.siliceysalud.es\/wp-content\/uploads\/2019\/10\/P5270232-200x150.jpg 200w, https:\/\/www.siliceysalud.es\/wp-content\/uploads\/2019\/10\/P5270232-300x225.jpg 300w, https:\/\/www.siliceysalud.es\/wp-content\/uploads\/2019\/10\/P5270232-400x300.jpg 400w, https:\/\/www.siliceysalud.es\/wp-content\/uploads\/2019\/10\/P5270232-600x450.jpg 600w, https:\/\/www.siliceysalud.es\/wp-content\/uploads\/2019\/10\/P5270232-768x576.jpg 768w, https:\/\/www.siliceysalud.es\/wp-content\/uploads\/2019\/10\/P5270232-800x600.jpg 800w, https:\/\/www.siliceysalud.es\/wp-content\/uploads\/2019\/10\/P5270232-1024x768.jpg 1024w, https:\/\/www.siliceysalud.es\/wp-content\/uploads\/2019\/10\/P5270232-1200x900.jpg 1200w\" sizes=\"(max-width: 667px) 100vw, 667px\" \/><\/span><\/p>\n<p style=\"text-align: center;\"><span style=\"font-family: helvetica, arial, sans-serif; font-size: 14pt;\"><span style=\"font-size: 18.6667px;\">Ejemplo: Aspiraci\u00f3n localizada para el control del polvo <\/span><span style=\"font-size: 18.6667px;\">en el foco de emisi\u00f3n. Dise\u00f1o de planta.<\/span><br \/>\n<\/span><\/p>\n<p><img decoding=\"async\" class=\"aligncenter wp-image-1032\" style=\"font-family: inherit; font-size: inherit;\" src=\"https:\/\/www.siliceysalud.es\/wp-content\/uploads\/2019\/10\/foco-2-600x450.jpg\" alt=\"\" width=\"667\" height=\"500\" srcset=\"https:\/\/www.siliceysalud.es\/wp-content\/uploads\/2019\/10\/foco-2-200x150.jpg 200w, https:\/\/www.siliceysalud.es\/wp-content\/uploads\/2019\/10\/foco-2-300x225.jpg 300w, https:\/\/www.siliceysalud.es\/wp-content\/uploads\/2019\/10\/foco-2-400x300.jpg 400w, https:\/\/www.siliceysalud.es\/wp-content\/uploads\/2019\/10\/foco-2-600x450.jpg 600w, https:\/\/www.siliceysalud.es\/wp-content\/uploads\/2019\/10\/foco-2-768x576.jpg 768w, https:\/\/www.siliceysalud.es\/wp-content\/uploads\/2019\/10\/foco-2-800x600.jpg 800w, https:\/\/www.siliceysalud.es\/wp-content\/uploads\/2019\/10\/foco-2-1024x768.jpg 1024w, https:\/\/www.siliceysalud.es\/wp-content\/uploads\/2019\/10\/foco-2-1200x900.jpg 1200w, https:\/\/www.siliceysalud.es\/wp-content\/uploads\/2019\/10\/foco-2.jpg 1440w\" sizes=\"(max-width: 667px) 100vw, 667px\" \/><\/p>\n<p style=\"text-align: center;\"><span style=\"font-family: helvetica, arial, sans-serif; font-size: 14pt;\">Ejemplo: Cintas transportadoras cubiertas para evitar la salida del polvo en el transporte del material.<\/span><\/p>\n<\/div><div class=\"nav fusion-mobile-tab-nav\"><ul class=\"nav-tabs nav-justified\" role=\"tablist\" aria-orientation=\"horizontal\"><li  role=\"presentation\"><a class=\"tab-link\" data-toggle=\"tab\" role=\"tab\" aria-controls=\"tab-65b25d1d27eda9ecfe3\" aria-selected=\"false\" tabindex=\"-1\" id=\"mobile-fusion-tab-65b25d1d27eda9ecfe3\" href=\"#tab-65b25d1d27eda9ecfe3\"><h4 class=\"fusion-tab-heading\">MEDIO<\/h4><\/a><\/li><\/ul><\/div><div class=\"tab-pane fade fusion-clearfix\" role=\"tabpanel\" tabindex=\"0\" aria-labelledby=\"fusion-tab-65b25d1d27eda9ecfe3\" id=\"tab-65b25d1d27eda9ecfe3\">\n<p><span style=\"font-family: helvetica, arial, sans-serif; font-size: 14pt;\">Modifican las condiciones de transmisi\u00f3n y propagaci\u00f3n entre la fuente y los trabajadores expuestos.<\/span><\/p>\n<ul>\n<li><span style=\"font-family: helvetica, arial, sans-serif; font-size: 14pt;\">Orden y limpieza.<\/span><\/li>\n<li><span style=\"font-family: helvetica, arial, sans-serif; font-size: 14pt;\">Ventilaci\u00f3n general.<\/span><\/li>\n<li><span style=\"font-family: helvetica, arial, sans-serif; font-size: 14pt;\">Barrera f\u00edsica.<\/span><\/li>\n<li><span style=\"font-family: helvetica, arial, sans-serif; font-size: 14pt;\">Aumento de distancia.<\/span><\/li>\n<\/ul>\n<table style=\"border-collapse: collapse; width: 100%;\">\n<tbody>\n<tr>\n<td style=\"width: 50%;\"><img decoding=\"async\" class=\"aligncenter size-600 wp-image-544\" src=\"https:\/\/www.siliceysalud.es\/wp-content\/uploads\/2019\/10\/regando-3-600x450.jpg\" alt=\"\" width=\"600\" height=\"450\" srcset=\"https:\/\/www.siliceysalud.es\/wp-content\/uploads\/2019\/10\/regando-3-200x150.jpg 200w, https:\/\/www.siliceysalud.es\/wp-content\/uploads\/2019\/10\/regando-3-300x225.jpg 300w, https:\/\/www.siliceysalud.es\/wp-content\/uploads\/2019\/10\/regando-3-400x300.jpg 400w, https:\/\/www.siliceysalud.es\/wp-content\/uploads\/2019\/10\/regando-3-600x450.jpg 600w, https:\/\/www.siliceysalud.es\/wp-content\/uploads\/2019\/10\/regando-3-768x576.jpg 768w, https:\/\/www.siliceysalud.es\/wp-content\/uploads\/2019\/10\/regando-3-800x600.jpg 800w, https:\/\/www.siliceysalud.es\/wp-content\/uploads\/2019\/10\/regando-3-1024x768.jpg 1024w, https:\/\/www.siliceysalud.es\/wp-content\/uploads\/2019\/10\/regando-3-1200x900.jpg 1200w, https:\/\/www.siliceysalud.es\/wp-content\/uploads\/2019\/10\/regando-3.jpg 1440w\" sizes=\"(max-width: 600px) 100vw, 600px\" \/><span style=\"font-family: helvetica, arial, sans-serif; font-size: 14pt;\">Ejemplo: riego de pistas para evitar el polvo en el ambiente.<\/span><\/td>\n<td style=\"width: 50%;\"><span style=\"font-family: helvetica, arial, sans-serif; font-size: 14pt;\"><img decoding=\"async\" class=\"aligncenter size-600 wp-image-1027\" src=\"https:\/\/www.siliceysalud.es\/wp-content\/uploads\/2019\/10\/Aspersores-1-1-600x450.jpg\" alt=\"\" width=\"600\" height=\"450\" srcset=\"https:\/\/www.siliceysalud.es\/wp-content\/uploads\/2019\/10\/Aspersores-1-1-200x150.jpg 200w, https:\/\/www.siliceysalud.es\/wp-content\/uploads\/2019\/10\/Aspersores-1-1-300x225.jpg 300w, https:\/\/www.siliceysalud.es\/wp-content\/uploads\/2019\/10\/Aspersores-1-1-400x300.jpg 400w, https:\/\/www.siliceysalud.es\/wp-content\/uploads\/2019\/10\/Aspersores-1-1-600x450.jpg 600w, https:\/\/www.siliceysalud.es\/wp-content\/uploads\/2019\/10\/Aspersores-1-1-768x576.jpg 768w, https:\/\/www.siliceysalud.es\/wp-content\/uploads\/2019\/10\/Aspersores-1-1-800x600.jpg 800w, https:\/\/www.siliceysalud.es\/wp-content\/uploads\/2019\/10\/Aspersores-1-1-1024x768.jpg 1024w, https:\/\/www.siliceysalud.es\/wp-content\/uploads\/2019\/10\/Aspersores-1-1-1200x900.jpg 1200w, https:\/\/www.siliceysalud.es\/wp-content\/uploads\/2019\/10\/Aspersores-1-1.jpg 1440w\" sizes=\"(max-width: 600px) 100vw, 600px\" \/>Ejemplo: nebulizadores de polvo en machacadora.<\/span><\/td>\n<\/tr>\n<\/tbody>\n<\/table>\n<\/div><div class=\"nav fusion-mobile-tab-nav\"><ul class=\"nav-tabs nav-justified\" role=\"tablist\" aria-orientation=\"horizontal\"><li  role=\"presentation\"><a class=\"tab-link\" data-toggle=\"tab\" role=\"tab\" aria-controls=\"tab-8ed7e3822a9147a95b8\" aria-selected=\"false\" tabindex=\"-1\" id=\"mobile-fusion-tab-8ed7e3822a9147a95b8\" href=\"#tab-8ed7e3822a9147a95b8\"><h4 class=\"fusion-tab-heading\">SOBRE EL TRABAJADOR<\/h4><\/a><\/li><\/ul><\/div><div class=\"tab-pane fade fusion-clearfix\" role=\"tabpanel\" tabindex=\"0\" aria-labelledby=\"fusion-tab-8ed7e3822a9147a95b8\" id=\"tab-8ed7e3822a9147a95b8\">\n<p><span style=\"font-family: helvetica, arial, sans-serif; font-size: 14pt;\">Limitan la exposici\u00f3n de los trabajadores a los riesgos generados.<\/span><\/p>\n<ul>\n<li><span style=\"font-family: helvetica, arial, sans-serif; font-size: 14pt;\">Informaci\u00f3n.<\/span><\/li>\n<li><span style=\"font-family: helvetica, arial, sans-serif; font-size: 14pt;\">Formaci\u00f3n.<\/span><\/li>\n<li><span style=\"font-family: helvetica, arial, sans-serif; font-size: 14pt;\">Tiempo de exposici\u00f3n.<\/span><\/li>\n<li><span style=\"font-family: helvetica, arial, sans-serif; font-size: 14pt;\">Higiene personal.<\/span><\/li>\n<li><span style=\"font-family: helvetica, arial, sans-serif; font-size: 14pt;\">Vigilancia de la salud.<\/span><\/li>\n<li><span style=\"font-family: helvetica, arial, sans-serif; font-size: 14pt;\">EPI\u2019s (<a href=\"https:\/\/www.boe.es\/eli\/es\/rd\/1997\/05\/30\/773\/con\"><strong>Real Decreto 773\/1997<\/strong><\/a>).<\/span><\/li>\n<\/ul>\n<p><span style=\"font-size: 14pt; font-family: helvetica, arial, sans-serif;\">En cuanto a la protecci\u00f3n individual, se recomienda salvo criterio contrario y justificado del servicio de prevenci\u00f3n, emplear mascarillas con grado de protecci\u00f3n FFP3 (el t\u00e9cnico de PRL con especialidad en higiene industrial y cumpliendo los requisitos recogidos en el apartado de <a href=\"https:\/\/www.siliceysalud.es\/index.php\/evaluacion-de-riesgos\/medicion\/cualificacion-de-tecnico-de-prl\/\">Cualificaci\u00f3n del t\u00e9cnico de PRL<\/a> estudiar\u00e1 la idoneidad del equipo de protecci\u00f3n respiratoria).<\/span><\/p>\n<p><span style=\"font-family: helvetica, arial, sans-serif; font-size: 14pt;\">El empresario, en toda actividad en que exista un riesgo de contaminaci\u00f3n por agentes cancer\u00edgenos o mut\u00e1genos, deber\u00e1 adoptar las medidas necesarias para:<\/span><\/p>\n<ul>\n<li><span style=\"font-family: helvetica, arial, sans-serif; font-size: 14pt;\"><strong>Prohibir que los trabajadores coman, beban o fumen<\/strong> en las zonas de trabajo en las que exista dicho riesgo.<\/span><\/li>\n<li><strong><span style=\"font-family: helvetica, arial, sans-serif; font-size: 14pt;\">Proveer a los trabajadores de ropa de protecci\u00f3n apropiada o de otro tipo de ropa especial adecuada.<\/span><\/strong><\/li>\n<li><span style=\"font-family: helvetica, arial, sans-serif; font-size: 14pt;\">Disponer de <strong>lugares separados para guardar de manera separada las ropas de trabajo o de protecci\u00f3n\u00a0 y las ropas de vestir.<\/strong><\/span><\/li>\n<li><span style=\"font-family: helvetica, arial, sans-serif; font-size: 14pt;\"><strong>Disponer de un lugar determinado para el almacenamiento adecuado de los equipos de protecci\u00f3n y verificar que se limpian y se comprueba su buen funcionamiento<\/strong>, si fuera posible con anterioridad y, en todo caso, despu\u00e9s de cada utilizaci\u00f3n, reparando o sustituyendo los equipos defectuosos antes deun nuevo uso.<\/span><\/li>\n<li><span style=\"font-family: helvetica, arial, sans-serif; font-size: 14pt;\">Disponer de <strong>retretes y cuartos de aseo apropiados y adecuados para uso de trabajadores.<\/strong><\/span><\/li>\n<\/ul>\n<p><span style=\"font-family: helvetica, arial, sans-serif; font-size: 14pt;\">Los trabajadores dispondr\u00e1n, dentro de la jornada laboral, de <strong>diez minutos para su aseo personal antes <\/strong><\/span><strong><span style=\"font-family: helvetica, arial, sans-serif; font-size: 14pt;\">de la comida y otros diez minutos antes de abandonar el trabajo.<\/span><\/strong><\/p>\n<table style=\"border-collapse: collapse; width: 100%; height: 72px;\">\n<tbody>\n<tr style=\"height: 24px;\">\n<td style=\"width: 50%; height: 24px;\"><img decoding=\"async\" class=\"aligncenter size-600 wp-image-1035\" src=\"https:\/\/www.siliceysalud.es\/wp-content\/uploads\/2019\/10\/trabajador-600x450.jpg\" alt=\"\" width=\"600\" height=\"450\" srcset=\"https:\/\/www.siliceysalud.es\/wp-content\/uploads\/2019\/10\/trabajador-200x150.jpg 200w, https:\/\/www.siliceysalud.es\/wp-content\/uploads\/2019\/10\/trabajador-300x225.jpg 300w, https:\/\/www.siliceysalud.es\/wp-content\/uploads\/2019\/10\/trabajador-400x300.jpg 400w, https:\/\/www.siliceysalud.es\/wp-content\/uploads\/2019\/10\/trabajador-600x450.jpg 600w, https:\/\/www.siliceysalud.es\/wp-content\/uploads\/2019\/10\/trabajador-768x576.jpg 768w, https:\/\/www.siliceysalud.es\/wp-content\/uploads\/2019\/10\/trabajador-800x600.jpg 800w, https:\/\/www.siliceysalud.es\/wp-content\/uploads\/2019\/10\/trabajador-1024x768.jpg 1024w, https:\/\/www.siliceysalud.es\/wp-content\/uploads\/2019\/10\/trabajador-1200x900.jpg 1200w, https:\/\/www.siliceysalud.es\/wp-content\/uploads\/2019\/10\/trabajador.jpg 1440w\" sizes=\"(max-width: 600px) 100vw, 600px\" \/><\/td>\n<td style=\"width: 50%; height: 24px;\"><img decoding=\"async\" class=\"aligncenter size-600 wp-image-1037\" src=\"https:\/\/www.siliceysalud.es\/wp-content\/uploads\/2019\/10\/trabajador2-600x450.jpg\" alt=\"\" width=\"600\" height=\"450\" srcset=\"https:\/\/www.siliceysalud.es\/wp-content\/uploads\/2019\/10\/trabajador2-200x150.jpg 200w, https:\/\/www.siliceysalud.es\/wp-content\/uploads\/2019\/10\/trabajador2-300x225.jpg 300w, https:\/\/www.siliceysalud.es\/wp-content\/uploads\/2019\/10\/trabajador2-400x300.jpg 400w, https:\/\/www.siliceysalud.es\/wp-content\/uploads\/2019\/10\/trabajador2-600x450.jpg 600w, https:\/\/www.siliceysalud.es\/wp-content\/uploads\/2019\/10\/trabajador2-768x576.jpg 768w, https:\/\/www.siliceysalud.es\/wp-content\/uploads\/2019\/10\/trabajador2-800x600.jpg 800w, https:\/\/www.siliceysalud.es\/wp-content\/uploads\/2019\/10\/trabajador2-1024x768.jpg 1024w, https:\/\/www.siliceysalud.es\/wp-content\/uploads\/2019\/10\/trabajador2-1200x900.jpg 1200w, https:\/\/www.siliceysalud.es\/wp-content\/uploads\/2019\/10\/trabajador2.jpg 1440w\" sizes=\"(max-width: 600px) 100vw, 600px\" \/><\/td>\n<\/tr>\n<tr style=\"height: 48px;\">\n<td style=\"width: 50%; height: 48px; text-align: center;\"><span style=\"font-family: helvetica, arial, sans-serif; font-size: 14pt;\">Ejemplo: Utilizaci\u00f3n de equipos de protecci\u00f3n respiratoria.<\/span><\/td>\n<td style=\"width: 50%; height: 48px; text-align: center;\"><span style=\"font-family: helvetica, arial, sans-serif; font-size: 14pt;\">Ejemplo: Vigilancia de la salud.<\/span><\/td>\n<\/tr>\n<\/tbody>\n<\/table>\n<\/div><\/div><\/div><div class=\"fusion-clearfix\"><\/div><\/div><\/div><\/div><\/div><div class=\"fusion-fullwidth fullwidth-box fusion-builder-row-3 nonhundred-percent-fullwidth non-hundred-percent-height-scrolling\" style=\"--awb-border-radius-top-left:0px;--awb-border-radius-top-right:0px;--awb-border-radius-bottom-right:0px;--awb-border-radius-bottom-left:0px;--awb-flex-wrap:wrap;\" ><div class=\"fusion-builder-row fusion-row\"><div class=\"fusion-layout-column fusion_builder_column fusion-builder-column-2 fusion_builder_column_1_1 1_1 fusion-one-full fusion-column-first fusion-column-last\" style=\"--awb-bg-size:cover;\"><div class=\"fusion-column-wrapper fusion-column-has-shadow fusion-flex-column-wrapper-legacy\"><div class=\"fusion-text fusion-text-2\"><table style=\"border-collapse: collapse; width: 100%;\">\n<tbody>\n<tr>\n<td style=\"width: 2.67977%; text-align: right;\"><span style=\"font-family: helvetica, arial, sans-serif; font-size: 14pt;\"><i class=\"fb-icon-element-1 fb-icon-element fontawesome-icon fa-angle-double-right fas circle-yes fusion-text-flow\" style=\"--awb-circlecolor:#00098b;--awb-circlecolor-hover:#00098b;--awb-circlebordercolor:#6caae4;--awb-circlebordercolor-hover:#6caae4;--awb-circlebordersize:1px;--awb-font-size:17.6px;--awb-width:35.2px;--awb-height:35.2px;--awb-line-height:33.2px;--awb-margin-right:10px;\"><\/i><\/span><\/td>\n<td style=\"width: 97.3202%;\"><a href=\"https:\/\/www.siliceysalud.es\/index.php\/control-de-la-exposicion\/actuaciones-tecnicas\/prevencion-proteccion\/\"><span style=\"font-size: 12pt;\"><strong><span style=\"font-family: helvetica, arial, sans-serif;\">Sigue leyendo sobre prevenci\u00f3n y protecci\u00f3n<\/span><\/strong><\/span><\/a><\/td>\n<\/tr>\n<\/tbody>\n<\/table>\n<\/div><div class=\"fusion-clearfix\"><\/div><\/div><\/div><\/div><\/div><\/p>\n","protected":false},"excerpt":{"rendered":"","protected":false},"author":1,"featured_media":0,"parent":118,"menu_order":0,"comment_status":"closed","ping_status":"closed","template":"100-width.php","meta":{"_exactmetrics_skip_tracking":false,"_exactmetrics_sitenote_active":false,"_exactmetrics_sitenote_note":"","_exactmetrics_sitenote_category":0,"footnotes":""},"class_list":["post-124","page","type-page","status-publish","hentry"],"_links":{"self":[{"href":"https:\/\/www.siliceysalud.es\/index.php\/wp-json\/wp\/v2\/pages\/124","targetHints":{"allow":["GET"]}}],"collection":[{"href":"https:\/\/www.siliceysalud.es\/index.php\/wp-json\/wp\/v2\/pages"}],"about":[{"href":"https:\/\/www.siliceysalud.es\/index.php\/wp-json\/wp\/v2\/types\/page"}],"author":[{"embeddable":true,"href":"https:\/\/www.siliceysalud.es\/index.php\/wp-json\/wp\/v2\/users\/1"}],"replies":[{"embeddable":true,"href":"https:\/\/www.siliceysalud.es\/index.php\/wp-json\/wp\/v2\/comments?post=124"}],"version-history":[{"count":31,"href":"https:\/\/www.siliceysalud.es\/index.php\/wp-json\/wp\/v2\/pages\/124\/revisions"}],"predecessor-version":[{"id":3168,"href":"https:\/\/www.siliceysalud.es\/index.php\/wp-json\/wp\/v2\/pages\/124\/revisions\/3168"}],"up":[{"embeddable":true,"href":"https:\/\/www.siliceysalud.es\/index.php\/wp-json\/wp\/v2\/pages\/118"}],"wp:attachment":[{"href":"https:\/\/www.siliceysalud.es\/index.php\/wp-json\/wp\/v2\/media?parent=124"}],"curies":[{"name":"wp","href":"https:\/\/api.w.org\/{rel}","templated":true}]}}