{"id":157,"date":"2019-09-11T14:23:19","date_gmt":"2019-09-11T12:23:19","guid":{"rendered":"https:\/\/www.siliceysalud.es\/?page_id=157"},"modified":"2019-12-17T10:41:05","modified_gmt":"2019-12-17T09:41:05","slug":"funciones-y-responsabilidades","status":"publish","type":"page","link":"https:\/\/www.siliceysalud.es\/index.php\/funciones-y-responsabilidades\/","title":{"rendered":"Funciones y responsabilidades"},"content":{"rendered":"<p><div class=\"fusion-fullwidth fullwidth-box fusion-builder-row-1 hundred-percent-fullwidth non-hundred-percent-height-scrolling\" style=\"--awb-border-radius-top-left:0px;--awb-border-radius-top-right:0px;--awb-border-radius-bottom-right:0px;--awb-border-radius-bottom-left:0px;--awb-padding-right:0px;--awb-padding-bottom:0px;--awb-padding-left:0px;--awb-margin-bottom:1px;--awb-flex-wrap:wrap;\" ><div class=\"fusion-builder-row fusion-row\"><div class=\"fusion-layout-column fusion_builder_column fusion-builder-column-0 fusion_builder_column_1_1 1_1 fusion-one-full fusion-column-first fusion-column-last\" style=\"--awb-bg-size:cover;\"><div class=\"fusion-column-wrapper fusion-column-has-shadow fusion-flex-column-wrapper-legacy\"><div class=\"fusion-image-element fusion-image-align-center in-legacy-container\" style=\"text-align:center;--awb-caption-title-font-family:var(--h2_typography-font-family);--awb-caption-title-font-weight:var(--h2_typography-font-weight);--awb-caption-title-font-style:var(--h2_typography-font-style);--awb-caption-title-size:var(--h2_typography-font-size);--awb-caption-title-transform:var(--h2_typography-text-transform);--awb-caption-title-line-height:var(--h2_typography-line-height);--awb-caption-title-letter-spacing:var(--h2_typography-letter-spacing);\"><div class=\"imageframe-align-center\"><span class=\" fusion-imageframe imageframe-none imageframe-1 hover-type-zoomout\"><img decoding=\"async\" width=\"1920\" height=\"523\" title=\"RESPONSABILIDADES_2\" src=\"https:\/\/www.siliceysalud.es\/wp-content\/uploads\/2019\/10\/RESPONSABILIDADES_2.jpg\" alt class=\"img-responsive wp-image-1405\" srcset=\"https:\/\/www.siliceysalud.es\/wp-content\/uploads\/2019\/10\/RESPONSABILIDADES_2-200x54.jpg 200w, https:\/\/www.siliceysalud.es\/wp-content\/uploads\/2019\/10\/RESPONSABILIDADES_2-400x109.jpg 400w, https:\/\/www.siliceysalud.es\/wp-content\/uploads\/2019\/10\/RESPONSABILIDADES_2-600x163.jpg 600w, https:\/\/www.siliceysalud.es\/wp-content\/uploads\/2019\/10\/RESPONSABILIDADES_2-800x218.jpg 800w, https:\/\/www.siliceysalud.es\/wp-content\/uploads\/2019\/10\/RESPONSABILIDADES_2-1200x327.jpg 1200w, https:\/\/www.siliceysalud.es\/wp-content\/uploads\/2019\/10\/RESPONSABILIDADES_2.jpg 1920w\" sizes=\"(max-width: 800px) 100vw, 1200px\" \/><\/span><\/div><\/div><div class=\"fusion-clearfix\"><\/div><\/div><\/div><\/div><\/div><div class=\"fusion-fullwidth fullwidth-box fusion-builder-row-2 nonhundred-percent-fullwidth non-hundred-percent-height-scrolling\" style=\"--awb-border-radius-top-left:0px;--awb-border-radius-top-right:0px;--awb-border-radius-bottom-right:0px;--awb-border-radius-bottom-left:0px;--awb-flex-wrap:wrap;\" ><div class=\"fusion-builder-row fusion-row\"><div class=\"fusion-layout-column fusion_builder_column fusion-builder-column-1 fusion_builder_column_1_1 1_1 fusion-one-full fusion-column-first fusion-column-last\" style=\"--awb-bg-size:cover;\"><div class=\"fusion-column-wrapper fusion-column-has-shadow fusion-flex-column-wrapper-legacy\"><div class=\"fusion-text fusion-text-1\"><p style=\"text-align: justify;\"><span style=\"font-size: 14pt;\"><span style=\"background-color: rgba(255, 255, 255, 0); color: var(--body_typography-color); font-family: helvetica, arial, sans-serif; font-style: var(--body_typography-font-style,normal); font-weight: var(--body_typography-font-weight); letter-spacing: var(--body_typography-letter-spacing);\">El Plan de Prevenci\u00f3n de Riesgos Laborales y el Documento de Seguridad y Salud deber\u00e1n incluir la estructura organizativa as\u00ed como las responsabilidades del equipo de personas destinado a integrar la PRL en la empresa<\/span><span style=\"font-family: helvetica, arial, sans-serif;\">.<\/span><\/span><\/p>\n<p style=\"text-align: justify;\"><span style=\"font-family: helvetica, arial, sans-serif; font-size: 14pt;\">En este apartado se dan ciertas orientaciones para fomentar una gesti\u00f3n eficaz y garantizar unas condiciones de trabajo seguras y saludables.<\/span><\/p>\n<\/div><div class=\"fusion-clearfix\"><\/div><\/div><\/div><\/div><\/div><div class=\"fusion-fullwidth fullwidth-box fusion-builder-row-3 nonhundred-percent-fullwidth non-hundred-percent-height-scrolling\" style=\"--awb-border-radius-top-left:0px;--awb-border-radius-top-right:0px;--awb-border-radius-bottom-right:0px;--awb-border-radius-bottom-left:0px;--awb-flex-wrap:wrap;\" ><div class=\"fusion-builder-row fusion-row\"><div class=\"fusion-layout-column fusion_builder_column fusion-builder-column-2 fusion_builder_column_1_1 1_1 fusion-one-full fusion-column-first fusion-column-last\" style=\"--awb-bg-size:cover;--awb-border-color:#03a9f4;--awb-border-style:solid;\"><div class=\"fusion-column-wrapper fusion-column-has-shadow fusion-flex-column-wrapper-legacy\"><div class=\"accordian fusion-accordian\" style=\"--awb-border-size:1px;--awb-icon-size:13px;--awb-content-font-size:14px;--awb-icon-alignment:left;--awb-hover-color:#f9f9f9;--awb-border-color:#cccccc;--awb-background-color:#ffffff;--awb-divider-color:#e0dede;--awb-divider-hover-color:#e0dede;--awb-icon-color:#ffffff;--awb-title-color:#333333;--awb-content-color:#747474;--awb-icon-box-color:#333333;--awb-toggle-hover-accent-color:#6caae4;--awb-title-font-family:Arial, Helvetica, sans-serif;--awb-title-font-weight:400;--awb-title-font-style:normal;--awb-title-font-size:18px;--awb-content-font-family:Arial, Helvetica, sans-serif;--awb-content-font-style:normal;--awb-content-font-weight:400;\"><div class=\"panel-group fusion-toggle-icon-boxed\" id=\"accordion-157-1\"><div class=\"fusion-panel panel-default panel-ed4ea699a8675cc45 fusion-toggle-has-divider\"><div class=\"panel-heading\"><h4 class=\"panel-title toggle\" id=\"toggle_ed4ea699a8675cc45\"><a aria-expanded=\"false\" aria-controls=\"ed4ea699a8675cc45\" role=\"button\" data-toggle=\"collapse\" data-parent=\"#accordion-157-1\" data-target=\"#ed4ea699a8675cc45\" href=\"#ed4ea699a8675cc45\"><span class=\"fusion-toggle-icon-wrapper\" aria-hidden=\"true\"><i class=\"fa-fusion-box active-icon awb-icon-minus\" aria-hidden=\"true\"><\/i><i class=\"fa-fusion-box inactive-icon awb-icon-plus\" aria-hidden=\"true\"><\/i><\/span><span class=\"fusion-toggle-heading\">Direcci\u00f3n<\/span><\/a><\/h4><\/div><div id=\"ed4ea699a8675cc45\" class=\"panel-collapse collapse \" aria-labelledby=\"toggle_ed4ea699a8675cc45\"><div class=\"panel-body toggle-content fusion-clearfix\">\n<p style=\"text-align: justify;\"><span style=\"font-family: helvetica, arial, sans-serif; font-size: 14pt;\">Implantar y documentar los principios y objetivos de la Pol\u00edtica de Prevenci\u00f3n de Riesgos Laborales contenida en el Plan de Prevenci\u00f3n y en el Documento de Seguridad y Salud si fuera el caso.<\/span><\/p>\n<p style=\"text-align: justify;\"><span style=\"font-family: helvetica, arial, sans-serif; font-size: 14pt; background-color: rgba(255, 255, 255, 0); color: var(--body_typography-color); font-style: var(--body_typography-font-style,normal); font-weight: var(--body_typography-font-weight); letter-spacing: var(--body_typography-letter-spacing);\">Establecer la estructura organizativa necesaria y obligatoria para la realizaci\u00f3n de las actividades preventivas t\u00e9cnicas y m\u00e9dicas relacionadas con la identificaci\u00f3n, evaluaci\u00f3n y control de la exposici\u00f3n al polvo y la SCR.<\/span><\/p>\n<p style=\"text-align: justify;\"><span style=\"font-size: 14pt; font-family: helvetica, arial, sans-serif;\">Asignar los recursos necesarios, tanto humanos, materiales y econ\u00f3micos, para conseguir la ejecuci\u00f3n de la Planificaci\u00f3n de la Actividad Preventiva.<\/span><\/p>\n<p style=\"text-align: justify;\"><span style=\"background-color: rgba(255, 255, 255, 0); color: var(--body_typography-color); font-family: helvetica, arial, sans-serif; font-size: 14pt; font-style: var(--body_typography-font-style,normal); font-weight: var(--body_typography-font-weight); letter-spacing: var(--body_typography-letter-spacing);\">Aprobar los procedimientos de las diferentes actividades preventivas y las instrucciones de trabajo.<\/span><\/p>\n<\/div><\/div><\/div><\/div><\/div><div class=\"fusion-clearfix\"><\/div><\/div><\/div><\/div><\/div><div class=\"fusion-fullwidth fullwidth-box fusion-builder-row-4 nonhundred-percent-fullwidth non-hundred-percent-height-scrolling\" style=\"--awb-border-radius-top-left:0px;--awb-border-radius-top-right:0px;--awb-border-radius-bottom-right:0px;--awb-border-radius-bottom-left:0px;--awb-flex-wrap:wrap;\" ><div class=\"fusion-builder-row fusion-row\"><div class=\"fusion-layout-column fusion_builder_column fusion-builder-column-3 fusion_builder_column_1_1 1_1 fusion-one-full fusion-column-first fusion-column-last\" style=\"--awb-bg-size:cover;--awb-border-color:#03a9f4;--awb-border-style:solid;\"><div class=\"fusion-column-wrapper fusion-column-has-shadow fusion-flex-column-wrapper-legacy\"><div class=\"accordian fusion-accordian\" style=\"--awb-border-size:1px;--awb-icon-size:13px;--awb-content-font-size:14px;--awb-icon-alignment:left;--awb-hover-color:#f9f9f9;--awb-border-color:#cccccc;--awb-background-color:#ffffff;--awb-divider-color:#e0dede;--awb-divider-hover-color:#e0dede;--awb-icon-color:#ffffff;--awb-title-color:#333333;--awb-content-color:#747474;--awb-icon-box-color:#333333;--awb-toggle-hover-accent-color:#6caae4;--awb-title-font-family:Arial, Helvetica, sans-serif;--awb-title-font-weight:400;--awb-title-font-style:normal;--awb-title-font-size:18px;--awb-content-font-family:Arial, Helvetica, sans-serif;--awb-content-font-style:normal;--awb-content-font-weight:400;\"><div class=\"panel-group fusion-toggle-icon-boxed\" id=\"accordion-157-2\"><div class=\"fusion-panel panel-default panel-b0498687e042eda54 fusion-toggle-has-divider\"><div class=\"panel-heading\"><h4 class=\"panel-title toggle\" id=\"toggle_b0498687e042eda54\"><a aria-expanded=\"false\" aria-controls=\"b0498687e042eda54\" role=\"button\" data-toggle=\"collapse\" data-parent=\"#accordion-157-2\" data-target=\"#b0498687e042eda54\" href=\"#b0498687e042eda54\"><span class=\"fusion-toggle-icon-wrapper\" aria-hidden=\"true\"><i class=\"fa-fusion-box active-icon awb-icon-minus\" aria-hidden=\"true\"><\/i><i class=\"fa-fusion-box inactive-icon awb-icon-plus\" aria-hidden=\"true\"><\/i><\/span><span class=\"fusion-toggle-heading\">Interlocutor Empresa - Servicio de Prevenci\u00f3n (en modalidad SPA)        <\/span><\/a><\/h4><\/div><div id=\"b0498687e042eda54\" class=\"panel-collapse collapse \" aria-labelledby=\"toggle_b0498687e042eda54\"><div class=\"panel-body toggle-content fusion-clearfix\">\n<p style=\"text-align: justify;\"><span style=\"font-size: 14pt; font-family: helvetica, arial, sans-serif;\">Asesorar y apoyar las diferentes actividades preventivas establecidas.<\/span><\/p>\n<p style=\"text-align: justify;\"><span style=\"font-size: 14pt; font-family: helvetica, arial, sans-serif;\">Mantener todos los registros que aseguran el cumplimiento del Plan de Prevenci\u00f3n y del Documento de Seguridad y Salud, si fuera el caso.<\/span><\/p>\n<p style=\"text-align: justify;\"><span style=\"font-size: 14pt; font-family: helvetica, arial, sans-serif;\">Canalizar la informaci\u00f3n de inter\u00e9s en materia preventiva hacia la estructura de la organizaci\u00f3n, as\u00ed como los resultados del desarrollo de la acci\u00f3n preventiva (mediciones, resultados, actuaciones t\u00e9cnicas, m\u00e9dicas&#8230;).<\/span><\/p>\n<p style=\"text-align: justify;\"><span style=\"font-size: 14pt; font-family: helvetica, arial, sans-serif;\">Facilitar la coordinaci\u00f3n a fin de que se desarrolle la cooperaci\u00f3n necesaria y se eviten efectos adversos para la salud de los trabajadores.<\/span><\/p>\n<p style=\"text-align: justify;\"><span style=\"font-size: 14pt; font-family: helvetica, arial, sans-serif;\">Revisar y controlar la documentaci\u00f3n referente a la Prevenci\u00f3n de Riesgos Laborales asegurando su actualizaci\u00f3n y disponibilidad.<\/span><\/p>\n<\/div><\/div><\/div><\/div><\/div><div class=\"fusion-clearfix\"><\/div><\/div><\/div><\/div><\/div><div class=\"fusion-fullwidth fullwidth-box fusion-builder-row-5 nonhundred-percent-fullwidth non-hundred-percent-height-scrolling\" style=\"--awb-border-radius-top-left:0px;--awb-border-radius-top-right:0px;--awb-border-radius-bottom-right:0px;--awb-border-radius-bottom-left:0px;--awb-flex-wrap:wrap;\" ><div class=\"fusion-builder-row fusion-row\"><div class=\"fusion-layout-column fusion_builder_column fusion-builder-column-4 fusion_builder_column_1_1 1_1 fusion-one-full fusion-column-first fusion-column-last\" style=\"--awb-bg-size:cover;--awb-border-color:#03a9f4;--awb-border-style:solid;\"><div class=\"fusion-column-wrapper fusion-column-has-shadow fusion-flex-column-wrapper-legacy\"><div class=\"accordian fusion-accordian\" style=\"--awb-border-size:1px;--awb-icon-size:13px;--awb-content-font-size:14px;--awb-icon-alignment:left;--awb-hover-color:#f9f9f9;--awb-border-color:#cccccc;--awb-background-color:#ffffff;--awb-divider-color:#e0dede;--awb-divider-hover-color:#e0dede;--awb-icon-color:#ffffff;--awb-title-color:#333333;--awb-content-color:#747474;--awb-icon-box-color:#333333;--awb-toggle-hover-accent-color:#6caae4;--awb-title-font-family:Arial, Helvetica, sans-serif;--awb-title-font-weight:400;--awb-title-font-style:normal;--awb-title-font-size:18px;--awb-content-font-family:Arial, Helvetica, sans-serif;--awb-content-font-style:normal;--awb-content-font-weight:400;\"><div class=\"panel-group fusion-toggle-icon-boxed\" id=\"accordion-157-3\"><div class=\"fusion-panel panel-default panel-6fa7d0fbcb294f95c fusion-toggle-has-divider\"><div class=\"panel-heading\"><h4 class=\"panel-title toggle\" id=\"toggle_6fa7d0fbcb294f95c\"><a aria-expanded=\"false\" aria-controls=\"6fa7d0fbcb294f95c\" role=\"button\" data-toggle=\"collapse\" data-parent=\"#accordion-157-3\" data-target=\"#6fa7d0fbcb294f95c\" href=\"#6fa7d0fbcb294f95c\"><span class=\"fusion-toggle-icon-wrapper\" aria-hidden=\"true\"><i class=\"fa-fusion-box active-icon awb-icon-minus\" aria-hidden=\"true\"><\/i><i class=\"fa-fusion-box inactive-icon awb-icon-plus\" aria-hidden=\"true\"><\/i><\/span><span class=\"fusion-toggle-heading\">Servicio de Prevenci\u00f3n<\/span><\/a><\/h4><\/div><div id=\"6fa7d0fbcb294f95c\" class=\"panel-collapse collapse \" aria-labelledby=\"toggle_6fa7d0fbcb294f95c\"><div class=\"panel-body toggle-content fusion-clearfix\">\n<p style=\"text-align: justify;\"><span style=\"font-family: helvetica, arial, sans-serif; font-size: 14pt;\">El Servicio de Prevenci\u00f3n asesorar\u00e1 y asistir\u00e1 al empresario, a los trabajadores y a sus representantes y a los \u00f3rganos de representaci\u00f3n especializados.<\/span><\/p>\n<p style=\"text-align: justify;\"><span style=\"font-family: helvetica, arial, sans-serif; font-size: 14pt;\">Para el ejercicio de sus funciones, el empresario deber\u00e1 facilitar a dicho Servicio el acceso a la informaci\u00f3n, documentaci\u00f3n necesaria e instalaciones de la empresa.<\/span><\/p>\n<p style=\"text-align: justify;\"><span style=\"font-family: helvetica, arial, sans-serif; font-size: 14pt;\">El Servicio de Prevenci\u00f3n proporcionar\u00e1 a la empresa el asesoramiento y apoyo que precise en funci\u00f3n de los tipos de riesgo en ella existentes y en lo referente a:<\/span><\/p>\n<p style=\"padding-left: 40px; text-align: justify;\"><span style=\"font-family: helvetica, arial, sans-serif; font-size: 12pt;\">El dise\u00f1o, aplicaci\u00f3n y coordinaci\u00f3n de los planes y programas de actuaci\u00f3n preventiva.<\/span><\/p>\n<p style=\"padding-left: 40px; text-align: justify;\"><span style=\"font-family: helvetica, arial, sans-serif; font-size: 12pt;\">La evaluaci\u00f3n de los factores de riesgo que puedan afectar a la seguridad y la salud de los trabajadores.<\/span><\/p>\n<p style=\"padding-left: 40px; text-align: justify;\"><span style=\"font-family: helvetica, arial, sans-serif; font-size: 12pt;\">La determinaci\u00f3n de las prioridades en la adopci\u00f3n de las medidas preventivas adecuadas.<\/span><\/p>\n<p style=\"padding-left: 40px; text-align: justify;\"><span style=\"font-family: helvetica, arial, sans-serif; font-size: 12pt;\">La informaci\u00f3n a proporcionar a los trabajadores por la empresa en base a la evaluaci\u00f3n de riesgos realizada.<\/span><\/p>\n<p style=\"padding-left: 40px; text-align: justify;\"><span style=\"font-family: helvetica, arial, sans-serif; font-size: 12pt;\">Acciones formativas desarrolladas a trav\u00e9s del plan de formaci\u00f3n abierta programada.<\/span><\/p>\n<p style=\"padding-left: 40px; text-align: justify;\"><span style=\"font-family: helvetica, arial, sans-serif; font-size: 12pt;\">La propuesta de las actuaciones para situaciones de emergencia.<\/span><\/p>\n<p style=\"padding-left: 40px; text-align: justify;\"><span style=\"font-family: helvetica, arial, sans-serif; font-size: 12pt;\">La vigilancia de la salud de los trabajadores en relaci\u00f3n con los riesgos derivados del trabajo.<\/span><\/p>\n<\/div><\/div><\/div><\/div><\/div><div class=\"fusion-clearfix\"><\/div><\/div><\/div><\/div><\/div><div class=\"fusion-fullwidth fullwidth-box fusion-builder-row-6 nonhundred-percent-fullwidth non-hundred-percent-height-scrolling\" style=\"--awb-border-radius-top-left:0px;--awb-border-radius-top-right:0px;--awb-border-radius-bottom-right:0px;--awb-border-radius-bottom-left:0px;--awb-flex-wrap:wrap;\" ><div class=\"fusion-builder-row fusion-row\"><div class=\"fusion-layout-column fusion_builder_column fusion-builder-column-5 fusion_builder_column_1_1 1_1 fusion-one-full fusion-column-first fusion-column-last\" style=\"--awb-bg-size:cover;--awb-border-color:#03a9f4;--awb-border-style:solid;\"><div class=\"fusion-column-wrapper fusion-column-has-shadow fusion-flex-column-wrapper-legacy\"><div class=\"accordian fusion-accordian\" style=\"--awb-border-size:1px;--awb-icon-size:13px;--awb-content-font-size:14px;--awb-icon-alignment:left;--awb-hover-color:#f9f9f9;--awb-border-color:#cccccc;--awb-background-color:#ffffff;--awb-divider-color:#e0dede;--awb-divider-hover-color:#e0dede;--awb-icon-color:#ffffff;--awb-title-color:#333333;--awb-content-color:#747474;--awb-icon-box-color:#333333;--awb-toggle-hover-accent-color:#6caae4;--awb-title-font-family:Arial, Helvetica, sans-serif;--awb-title-font-weight:400;--awb-title-font-style:normal;--awb-title-font-size:18px;--awb-content-font-family:Arial, Helvetica, sans-serif;--awb-content-font-style:normal;--awb-content-font-weight:400;\"><div class=\"panel-group fusion-toggle-icon-boxed\" id=\"accordion-157-4\"><div class=\"fusion-panel panel-default panel-2aaff275882e10659 fusion-toggle-has-divider\"><div class=\"panel-heading\"><h4 class=\"panel-title toggle\" id=\"toggle_2aaff275882e10659\"><a aria-expanded=\"false\" aria-controls=\"2aaff275882e10659\" role=\"button\" data-toggle=\"collapse\" data-parent=\"#accordion-157-4\" data-target=\"#2aaff275882e10659\" href=\"#2aaff275882e10659\"><span class=\"fusion-toggle-icon-wrapper\" aria-hidden=\"true\"><i class=\"fa-fusion-box active-icon awb-icon-minus\" aria-hidden=\"true\"><\/i><i class=\"fa-fusion-box inactive-icon awb-icon-plus\" aria-hidden=\"true\"><\/i><\/span><span class=\"fusion-toggle-heading\">Director Facultativo (en actividades mineras)    <\/span><\/a><\/h4><\/div><div id=\"2aaff275882e10659\" class=\"panel-collapse collapse \" aria-labelledby=\"toggle_2aaff275882e10659\"><div class=\"panel-body toggle-content fusion-clearfix\">\n<p style=\"text-align: justify;\"><span style=\"font-family: helvetica, arial, sans-serif; font-size: 14pt;\">Los directores facultativos y su personal subalterno son responsables de velar por el cumplimiento del Reglamento General de Normas B\u00e1sicas De Seguridad Minera, de las Instrucciones T\u00e9cnicas Complementarias y de las Disposiciones Internas de Seguridad.<\/span><\/p>\n<p style=\"text-align: justify;\"><span style=\"font-family: helvetica, arial, sans-serif; font-size: 14pt;\">Cuando el Director Facultativo encuentre dificultades para desarrollar su trabajo y ello afecte al cumplimiento de las normas legales antes citadas, lo comunicara a la autoridad minera, que adoptara las medidas adecuadas.<\/span><\/p>\n<p style=\"text-align: justify;\"><span style=\"font-family: helvetica, arial, sans-serif; font-size: 14pt;\">En toda unidad de explotaci\u00f3n en actividad existir\u00e1, bajo la responsabilidad del Director Facultativo, un registro en el que se inscribir\u00e1n todas las personas que trabajen en la misma, donde se har\u00e1 constar al menos nombre, edad, sexo, estado, naturaleza, vecindad, cargo que desempe\u00f1a y fecha de ingreso y cese en el servicio de la explotaci\u00f3n. <\/span><span style=\"font-family: helvetica, arial, sans-serif; font-size: 14pt;\">Este registro estar\u00e1 a disposici\u00f3n de la autoridad minera y personas legalmente autorizadas.<\/span><\/p>\n<p style=\"text-align: justify;\"><span style=\"font-family: helvetica, arial, sans-serif; font-size: 14pt;\">En cada unidad de explotaci\u00f3n se llevar\u00e1, adem\u00e1s, un listado diario de los obreros que trabajan tanto en el interior como en el exterior.<\/span><\/p>\n<p style=\"text-align: justify;\"><span style=\"font-family: helvetica, arial, sans-serif; font-size: 14pt;\">Los Directores Facultativos mantendr\u00e1n al d\u00eda un organigrama de la plantilla de personal t\u00e9cnico, titulado o no titulado, que est\u00e1 a sus \u00f3rdenes, especificando las atribuciones y responsabilidades de cada persona.<\/span><\/p>\n<p style=\"text-align: justify;\"><span style=\"font-family: helvetica, arial, sans-serif; font-size: 14pt;\">Los Directores Facultativos tienen la facultad de establecer las Disposiciones Internas de Seguridad previstas en el Reglamento General de Normas B\u00e1sicas de Seguridad Minera y en las Instrucciones T\u00e9cnicas Complementarias que afecten a su unidad de explotaci\u00f3n.<\/span><\/p>\n<p style=\"text-align: justify;\"><span style=\"font-family: helvetica, arial, sans-serif; font-size: 14pt;\">Estas disposiciones internas de seguridad deber\u00e1n ser aprobadas por la Autoridad minera.<\/span><\/p>\n<p style=\"text-align: justify;\"><span style=\"font-family: helvetica, arial, sans-serif; font-size: 14pt;\">Todo ello sin perjuicio de las \u00f3rdenes y consignas que el Director Facultativo o sus mandos subalternos crean convenientes dar al personal a su cargo para su ejecuci\u00f3n inmediata en materia de seguridad.<\/span><\/p>\n<p style=\"text-align: justify;\"><span style=\"font-family: helvetica, arial, sans-serif; font-size: 14pt;\">Verificar\u00e1n la implantaci\u00f3n de las medidas preventivas incluidas en la planificaci\u00f3n de la actividad preventiva.<\/span><\/p>\n<\/div><\/div><\/div><\/div><\/div><div class=\"fusion-clearfix\"><\/div><\/div><\/div><\/div><\/div><div class=\"fusion-fullwidth fullwidth-box fusion-builder-row-7 nonhundred-percent-fullwidth non-hundred-percent-height-scrolling\" style=\"--awb-border-radius-top-left:0px;--awb-border-radius-top-right:0px;--awb-border-radius-bottom-right:0px;--awb-border-radius-bottom-left:0px;--awb-flex-wrap:wrap;\" ><div class=\"fusion-builder-row fusion-row\"><div class=\"fusion-layout-column fusion_builder_column fusion-builder-column-6 fusion_builder_column_1_1 1_1 fusion-one-full fusion-column-first fusion-column-last\" style=\"--awb-bg-size:cover;--awb-border-color:#03a9f4;--awb-border-style:solid;\"><div class=\"fusion-column-wrapper fusion-column-has-shadow fusion-flex-column-wrapper-legacy\"><div class=\"accordian fusion-accordian\" style=\"--awb-border-size:1px;--awb-icon-size:13px;--awb-content-font-size:14px;--awb-icon-alignment:left;--awb-hover-color:#f9f9f9;--awb-border-color:#cccccc;--awb-background-color:#ffffff;--awb-divider-color:#e0dede;--awb-divider-hover-color:#e0dede;--awb-icon-color:#ffffff;--awb-title-color:#333333;--awb-content-color:#747474;--awb-icon-box-color:#333333;--awb-toggle-hover-accent-color:#6caae4;--awb-title-font-family:Arial, Helvetica, sans-serif;--awb-title-font-weight:400;--awb-title-font-style:normal;--awb-title-font-size:18px;--awb-content-font-family:Arial, Helvetica, sans-serif;--awb-content-font-style:normal;--awb-content-font-weight:400;\"><div class=\"panel-group fusion-toggle-icon-boxed\" id=\"accordion-157-5\"><div class=\"fusion-panel panel-default panel-a5688a8bfc7d4594a fusion-toggle-has-divider\"><div class=\"panel-heading\"><h4 class=\"panel-title toggle\" id=\"toggle_a5688a8bfc7d4594a\"><a aria-expanded=\"false\" aria-controls=\"a5688a8bfc7d4594a\" role=\"button\" data-toggle=\"collapse\" data-parent=\"#accordion-157-5\" data-target=\"#a5688a8bfc7d4594a\" href=\"#a5688a8bfc7d4594a\"><span class=\"fusion-toggle-icon-wrapper\" aria-hidden=\"true\"><i class=\"fa-fusion-box active-icon awb-icon-minus\" aria-hidden=\"true\"><\/i><i class=\"fa-fusion-box inactive-icon awb-icon-plus\" aria-hidden=\"true\"><\/i><\/span><span class=\"fusion-toggle-heading\">Mandos intermedios<\/span><\/a><\/h4><\/div><div id=\"a5688a8bfc7d4594a\" class=\"panel-collapse collapse \" aria-labelledby=\"toggle_a5688a8bfc7d4594a\"><div class=\"panel-body toggle-content fusion-clearfix\">\n<p style=\"text-align: justify;\"><span style=\"font-family: helvetica, arial, sans-serif; font-size: 14pt;\">Colaborar en la elaboraci\u00f3n y transmisi\u00f3n de los procedimientos e instrucciones referentes a los trabajos que se realicen en su \u00e1rea de competencia.<\/span><\/p>\n<p style=\"text-align: justify;\"><span style=\"font-family: helvetica, arial, sans-serif; font-size: 14pt;\">Velar por el cumplimiento de dichos procedimientos e instrucciones por parte de los trabajadores a su cargo, asegur\u00e1ndose que se llevan a cabo las tareas con las debidas condiciones de seguridad.<\/span><\/p>\n<p style=\"text-align: justify;\"><span style=\"font-family: helvetica, arial, sans-serif; font-size: 14pt;\">Analizar los trabajos que se llevan a cabo en su \u00e1rea detectando posibles riesgos o deficiencias para su eliminaci\u00f3n o minimizaci\u00f3n, fomentando la consulta y participaci\u00f3n de los trabajadores.<\/span><\/p>\n<p style=\"text-align: justify;\"><span style=\"font-family: helvetica, arial, sans-serif; font-size: 14pt;\">Vigilar con especial atenci\u00f3n aquellas situaciones cr\u00edticas que puedan surgir, ya sea en la realizaci\u00f3n de nuevas tareas o en las ya existentes, para adoptar medidas correctoras inmediatas.<\/span><\/p>\n<p style=\"text-align: justify;\"><span style=\"font-family: helvetica, arial, sans-serif; font-size: 14pt;\">Aplicar en la medida de sus posibilidades las medidas preventivas y sugerencias de mejora que propongan sus trabajadores.<\/span><\/p>\n<p style=\"text-align: justify;\"><span style=\"font-family: helvetica, arial, sans-serif; font-size: 14pt;\">Y en general, cumplir y hacer cumplir todos los procedimientos del Plan de Prevenci\u00f3n y los objetivos establecidos.<\/span><\/p>\n<\/div><\/div><\/div><\/div><\/div><div class=\"fusion-clearfix\"><\/div><\/div><\/div><\/div><\/div><div class=\"fusion-fullwidth fullwidth-box fusion-builder-row-8 nonhundred-percent-fullwidth non-hundred-percent-height-scrolling\" style=\"--awb-border-radius-top-left:0px;--awb-border-radius-top-right:0px;--awb-border-radius-bottom-right:0px;--awb-border-radius-bottom-left:0px;--awb-flex-wrap:wrap;\" ><div class=\"fusion-builder-row fusion-row\"><div class=\"fusion-layout-column fusion_builder_column fusion-builder-column-7 fusion_builder_column_1_1 1_1 fusion-one-full fusion-column-first fusion-column-last\" style=\"--awb-bg-size:cover;--awb-border-color:#03a9f4;--awb-border-style:solid;\"><div class=\"fusion-column-wrapper fusion-column-has-shadow fusion-flex-column-wrapper-legacy\"><div class=\"accordian fusion-accordian\" style=\"--awb-border-size:1px;--awb-icon-size:13px;--awb-content-font-size:14px;--awb-icon-alignment:left;--awb-hover-color:#f9f9f9;--awb-border-color:#cccccc;--awb-background-color:#ffffff;--awb-divider-color:#e0dede;--awb-divider-hover-color:#e0dede;--awb-icon-color:#ffffff;--awb-title-color:#333333;--awb-content-color:#747474;--awb-icon-box-color:#333333;--awb-toggle-hover-accent-color:#6caae4;--awb-title-font-family:Arial, Helvetica, sans-serif;--awb-title-font-weight:400;--awb-title-font-style:normal;--awb-title-font-size:18px;--awb-content-font-family:Arial, Helvetica, sans-serif;--awb-content-font-style:normal;--awb-content-font-weight:400;\"><div class=\"panel-group fusion-toggle-icon-boxed\" id=\"accordion-157-6\"><div class=\"fusion-panel panel-default panel-7fa3f9b15e957e6d4 fusion-toggle-has-divider\"><div class=\"panel-heading\"><h4 class=\"panel-title toggle\" id=\"toggle_7fa3f9b15e957e6d4\"><a aria-expanded=\"false\" aria-controls=\"7fa3f9b15e957e6d4\" role=\"button\" data-toggle=\"collapse\" data-parent=\"#accordion-157-6\" data-target=\"#7fa3f9b15e957e6d4\" href=\"#7fa3f9b15e957e6d4\"><span class=\"fusion-toggle-icon-wrapper\" aria-hidden=\"true\"><i class=\"fa-fusion-box active-icon awb-icon-minus\" aria-hidden=\"true\"><\/i><i class=\"fa-fusion-box inactive-icon awb-icon-plus\" aria-hidden=\"true\"><\/i><\/span><span class=\"fusion-toggle-heading\">Encargados<\/span><\/a><\/h4><\/div><div id=\"7fa3f9b15e957e6d4\" class=\"panel-collapse collapse \" aria-labelledby=\"toggle_7fa3f9b15e957e6d4\"><div class=\"panel-body toggle-content fusion-clearfix\">\n<p style=\"text-align: justify;\"><span style=\"font-family: helvetica, arial, sans-serif; font-size: 14pt;\">Son los responsables de colaborar en la elaboraci\u00f3n y transmisi\u00f3n de procedimientos e instrucciones referentes a los trabajos que se realicen en su \u00e1rea, as\u00ed como velar por su cumplimiento, asegur\u00e1ndose que se llevan a cabo en las debidas condiciones de seguridad y salud en el trabajo.<\/span><\/p>\n<p style=\"text-align: justify;\"><span style=\"font-family: helvetica, arial, sans-serif; font-size: 14pt;\">Investigar todos los accidentes ocurridos seg\u00fan el procedimiento establecido y aplicar las medidas preventivas necesarias para evitar su repetici\u00f3n.<\/span><\/p>\n<p style=\"text-align: justify;\"><span style=\"font-family: helvetica, arial, sans-serif; font-size: 14pt;\">Cumplir lo establecido para los equipos de trabajo.<\/span><\/p>\n<p style=\"text-align: justify;\"><span style=\"font-family: helvetica, arial, sans-serif; font-size: 14pt;\">Asegurar que los trabajadores a su cargo realizan actividades de acuerdo a la formaci\u00f3n e informaci\u00f3n requerida para ese puesto.<\/span><\/p>\n<p style=\"text-align: justify;\"><span style=\"font-family: helvetica, arial, sans-serif; font-size: 14pt;\">Canalizar las consultas y\/o sugerencias de mejora transmitidas por los trabajadores.<\/span><\/p>\n<p style=\"text-align: justify;\"><span style=\"font-family: helvetica, arial, sans-serif; font-size: 14pt;\">Vigilar con especial atenci\u00f3n aquellas situaciones cr\u00edticas que puedan surgir, ya sea en la realizaci\u00f3n de nuevas tareas o en las ya existentes.<\/span><\/p>\n<p style=\"text-align: justify;\"><span style=\"font-family: helvetica, arial, sans-serif; font-size: 14pt;\">Colaborar con el resto de \u00e1reas para eliminar \/ reducir los da\u00f1os que puedan llegar a sufrir los trabajadores.<\/span><\/p>\n<\/div><\/div><\/div><\/div><\/div><div class=\"fusion-clearfix\"><\/div><\/div><\/div><\/div><\/div><div class=\"fusion-fullwidth fullwidth-box fusion-builder-row-9 nonhundred-percent-fullwidth non-hundred-percent-height-scrolling\" style=\"--awb-border-radius-top-left:0px;--awb-border-radius-top-right:0px;--awb-border-radius-bottom-right:0px;--awb-border-radius-bottom-left:0px;--awb-flex-wrap:wrap;\" ><div class=\"fusion-builder-row fusion-row\"><div class=\"fusion-layout-column fusion_builder_column fusion-builder-column-8 fusion_builder_column_1_1 1_1 fusion-one-full fusion-column-first fusion-column-last\" style=\"--awb-bg-size:cover;--awb-border-color:#03a9f4;--awb-border-style:solid;\"><div class=\"fusion-column-wrapper fusion-column-has-shadow fusion-flex-column-wrapper-legacy\"><div class=\"accordian fusion-accordian\" style=\"--awb-border-size:1px;--awb-icon-size:13px;--awb-content-font-size:14px;--awb-icon-alignment:left;--awb-hover-color:#f9f9f9;--awb-border-color:#cccccc;--awb-background-color:#ffffff;--awb-divider-color:#e0dede;--awb-divider-hover-color:#e0dede;--awb-icon-color:#ffffff;--awb-title-color:#333333;--awb-content-color:#747474;--awb-icon-box-color:#333333;--awb-toggle-hover-accent-color:#6caae4;--awb-title-font-family:Arial, Helvetica, sans-serif;--awb-title-font-weight:400;--awb-title-font-style:normal;--awb-title-font-size:18px;--awb-content-font-family:Arial, Helvetica, sans-serif;--awb-content-font-style:normal;--awb-content-font-weight:400;\"><div class=\"panel-group fusion-toggle-icon-boxed\" id=\"accordion-157-7\"><div class=\"fusion-panel panel-default panel-10a1dcdbb9e55b496 fusion-toggle-has-divider\"><div class=\"panel-heading\"><h4 class=\"panel-title toggle\" id=\"toggle_10a1dcdbb9e55b496\"><a aria-expanded=\"false\" aria-controls=\"10a1dcdbb9e55b496\" role=\"button\" data-toggle=\"collapse\" data-parent=\"#accordion-157-7\" data-target=\"#10a1dcdbb9e55b496\" href=\"#10a1dcdbb9e55b496\"><span class=\"fusion-toggle-icon-wrapper\" aria-hidden=\"true\"><i class=\"fa-fusion-box active-icon awb-icon-minus\" aria-hidden=\"true\"><\/i><i class=\"fa-fusion-box inactive-icon awb-icon-plus\" aria-hidden=\"true\"><\/i><\/span><span class=\"fusion-toggle-heading\">Trabajadores<\/span><\/a><\/h4><\/div><div id=\"10a1dcdbb9e55b496\" class=\"panel-collapse collapse \" aria-labelledby=\"toggle_10a1dcdbb9e55b496\"><div class=\"panel-body toggle-content fusion-clearfix\">\n<p style=\"text-align: justify;\"><span style=\"font-family: helvetica, arial, sans-serif; font-size: 14pt;\">Conocer y cumplir toda la normativa, procedimientos e instrucciones que afecten a su trabajo, en particular a las medidas de prevenci\u00f3n y protecci\u00f3n.<\/span><\/p>\n<p style=\"text-align: justify;\"><span style=\"font-family: helvetica, arial, sans-serif; font-size: 14pt;\">Usar adecuadamente, de acuerdo con su naturaleza y los riesgos previsibles, las m\u00e1quinas, aparatos, herramientas, sustancias peligrosas, equipos de transporte y, en general, cualesquiera otros medios con los que desarrollen su actividad.<\/span><\/p>\n<p style=\"text-align: justify;\"><span style=\"font-family: helvetica, arial, sans-serif; font-size: 14pt;\">Utilizar correctamente los medios y equipos de protecci\u00f3n facilitados.<\/span><\/p>\n<p style=\"text-align: justify;\"><span style=\"font-family: helvetica, arial, sans-serif; font-size: 14pt;\">No poner fuera de funcionamiento y utilizar correctamente los dispositivos de seguridad existentes o que se instalen en los medios relacionados con su actividad o en los lugares de trabajo en los que \u00e9sta tenga lugar.<\/span><\/p>\n<p style=\"text-align: justify;\"><span style=\"font-family: helvetica, arial, sans-serif; font-size: 14pt;\">Comunicar de inmediato a su superior jer\u00e1rquico directo, y a los trabajadores designados para realizar actividades de protecci\u00f3n y prevenci\u00f3n, y, en su caso, al servicio de prevenci\u00f3n acerca de cualquier situaci\u00f3n que considere pueda presentar un riesgo para la seguridad y salud.<\/span><\/p>\n<p style=\"text-align: justify;\"><span style=\"font-family: helvetica, arial, sans-serif; font-size: 14pt;\">Contribuir al cumplimiento de las obligaciones establecidas por la autoridad competente con el fin de proteger la seguridad y salud de los trabajadores en el trabajo.<\/span><\/p>\n<p style=\"text-align: justify;\"><span style=\"font-family: helvetica, arial, sans-serif; font-size: 14pt;\">Cooperar con sus mandos directos para poder garantizar unas condiciones de trabajo que sean seguras y no entra\u00f1en riesgos para la seguridad y la salud de los trabajadores en el trabajo.<\/span><\/p>\n<p style=\"text-align: justify;\"><span style=\"font-family: helvetica, arial, sans-serif; font-size: 14pt;\">Mantener limpio y ordenado su entorno de trabajo, localizando los equipos y materiales en los lugares asignados.<\/span><\/p>\n<p style=\"text-align: justify;\"><span style=\"font-family: helvetica, arial, sans-serif; font-size: 14pt;\">Sugerir las medidas que considere oportunas en su \u00e1mbito de trabajo para mejorar la calidad, la seguridad y la eficacia de este.<\/span><\/p>\n<p style=\"text-align: justify;\"><span style=\"font-family: helvetica, arial, sans-serif; font-size: 14pt;\">Otras funciones que la organizaci\u00f3n crea conveniente.<\/span><\/p>\n<\/div><\/div><\/div><\/div><\/div><div class=\"fusion-clearfix\"><\/div><\/div><\/div><\/div><\/div><div class=\"fusion-fullwidth fullwidth-box fusion-builder-row-10 nonhundred-percent-fullwidth non-hundred-percent-height-scrolling\" style=\"--awb-border-radius-top-left:0px;--awb-border-radius-top-right:0px;--awb-border-radius-bottom-right:0px;--awb-border-radius-bottom-left:0px;--awb-flex-wrap:wrap;\" ><div class=\"fusion-builder-row fusion-row\"><div class=\"fusion-layout-column fusion_builder_column fusion-builder-column-9 fusion_builder_column_1_1 1_1 fusion-one-full fusion-column-first fusion-column-last\" style=\"--awb-bg-size:cover;--awb-border-color:#03a9f4;--awb-border-style:solid;\"><div class=\"fusion-column-wrapper fusion-column-has-shadow fusion-flex-column-wrapper-legacy\"><div class=\"accordian fusion-accordian\" style=\"--awb-border-size:1px;--awb-icon-size:13px;--awb-content-font-size:14px;--awb-icon-alignment:left;--awb-hover-color:#f9f9f9;--awb-border-color:#cccccc;--awb-background-color:#ffffff;--awb-divider-color:#e0dede;--awb-divider-hover-color:#e0dede;--awb-icon-color:#ffffff;--awb-title-color:#333333;--awb-content-color:#747474;--awb-icon-box-color:#333333;--awb-toggle-hover-accent-color:#6caae4;--awb-title-font-family:Arial, Helvetica, sans-serif;--awb-title-font-weight:400;--awb-title-font-style:normal;--awb-title-font-size:18px;--awb-content-font-family:Arial, Helvetica, sans-serif;--awb-content-font-style:normal;--awb-content-font-weight:400;\"><div class=\"panel-group fusion-toggle-icon-boxed\" id=\"accordion-157-8\"><div class=\"fusion-panel panel-default panel-629495cc232204531 fusion-toggle-has-divider\"><div class=\"panel-heading\"><h4 class=\"panel-title toggle\" id=\"toggle_629495cc232204531\"><a aria-expanded=\"false\" aria-controls=\"629495cc232204531\" role=\"button\" data-toggle=\"collapse\" data-parent=\"#accordion-157-8\" data-target=\"#629495cc232204531\" href=\"#629495cc232204531\"><span class=\"fusion-toggle-icon-wrapper\" aria-hidden=\"true\"><i class=\"fa-fusion-box active-icon awb-icon-minus\" aria-hidden=\"true\"><\/i><i class=\"fa-fusion-box inactive-icon awb-icon-plus\" aria-hidden=\"true\"><\/i><\/span><span class=\"fusion-toggle-heading\">Representantes de los trabajadores<\/span><\/a><\/h4><\/div><div id=\"629495cc232204531\" class=\"panel-collapse collapse \" aria-labelledby=\"toggle_629495cc232204531\"><div class=\"panel-body toggle-content fusion-clearfix\">\n<p style=\"text-align: justify;\"><span style=\"font-family: helvetica, arial, sans-serif; font-size: 14pt;\">Participar en la elaboraci\u00f3n, puesta en pr\u00e1ctica y evaluaci\u00f3n de los planes y programas de prevenci\u00f3n de riesgos en la empresa. A tal efecto, en su seno se debatir\u00e1n, antes de su puesta en pr\u00e1ctica y en lo referente a su incidencia en la prevenci\u00f3n de riesgos, los proyectos en materia de planificaci\u00f3n, organizaci\u00f3n del trabajo e introducci\u00f3n de nuevas tecnolog\u00edas, organizaci\u00f3n y desarrollo de las actividades de protecci\u00f3n y prevenci\u00f3n y proyecto y organizaci\u00f3n de la formaci\u00f3n en materia preventiva.<\/span><\/p>\n<p style=\"text-align: justify;\"><span style=\"font-family: helvetica, arial, sans-serif; font-size: 14pt;\">Promover iniciativas sobre m\u00e9todos y procedimientos para la efectiva prevenci\u00f3n de los riesgos, proponiendo a la empresa la mejora de las condiciones o la correcci\u00f3n de las deficiencias existentes.<\/span><\/p>\n<p style=\"text-align: justify;\"><span style=\"font-family: helvetica, arial, sans-serif; font-size: 14pt;\">Representar y defender a los trabajadores en materia de seguridad y salud.<\/span><\/p>\n<p style=\"text-align: justify;\"><span style=\"font-family: helvetica, arial, sans-serif; font-size: 14pt;\">Para el nombramiento de los representantes de los trabajadores como delegados de prevenci\u00f3n, \u00e9stos asumir\u00e1n las competencias, facultades y garant\u00edas de sigilo profesional que contempla la Ley Prevenci\u00f3n de Riesgos Laborales en sus Arts. 35, 36 y 37.<\/span><\/p>\n<\/div><\/div><\/div><\/div><\/div><div class=\"fusion-clearfix\"><\/div><\/div><\/div><\/div><\/div><div class=\"fusion-fullwidth fullwidth-box fusion-builder-row-11 nonhundred-percent-fullwidth non-hundred-percent-height-scrolling\" style=\"--awb-border-radius-top-left:0px;--awb-border-radius-top-right:0px;--awb-border-radius-bottom-right:0px;--awb-border-radius-bottom-left:0px;--awb-flex-wrap:wrap;\" ><div class=\"fusion-builder-row fusion-row\"><div class=\"fusion-layout-column fusion_builder_column fusion-builder-column-10 fusion_builder_column_1_1 1_1 fusion-one-full fusion-column-first fusion-column-last\" style=\"--awb-bg-size:cover;--awb-border-color:#03a9f4;--awb-border-style:solid;\"><div class=\"fusion-column-wrapper fusion-column-has-shadow fusion-flex-column-wrapper-legacy\"><div class=\"accordian fusion-accordian\" style=\"--awb-border-size:1px;--awb-icon-size:13px;--awb-content-font-size:14px;--awb-icon-alignment:left;--awb-hover-color:#f9f9f9;--awb-border-color:#cccccc;--awb-background-color:#ffffff;--awb-divider-color:#e0dede;--awb-divider-hover-color:#e0dede;--awb-icon-color:#ffffff;--awb-title-color:#333333;--awb-content-color:#747474;--awb-icon-box-color:#333333;--awb-toggle-hover-accent-color:#6caae4;--awb-title-font-family:Arial, Helvetica, sans-serif;--awb-title-font-weight:400;--awb-title-font-style:normal;--awb-title-font-size:18px;--awb-content-font-family:Arial, Helvetica, sans-serif;--awb-content-font-style:normal;--awb-content-font-weight:400;\"><div class=\"panel-group fusion-toggle-icon-boxed\" id=\"accordion-157-9\"><div class=\"fusion-panel panel-default panel-6d59864cfac957974 fusion-toggle-has-divider\"><div class=\"panel-heading\"><h4 class=\"panel-title toggle\" id=\"toggle_6d59864cfac957974\"><a aria-expanded=\"false\" aria-controls=\"6d59864cfac957974\" role=\"button\" data-toggle=\"collapse\" data-parent=\"#accordion-157-9\" data-target=\"#6d59864cfac957974\" href=\"#6d59864cfac957974\"><span class=\"fusion-toggle-icon-wrapper\" aria-hidden=\"true\"><i class=\"fa-fusion-box active-icon awb-icon-minus\" aria-hidden=\"true\"><\/i><i class=\"fa-fusion-box inactive-icon awb-icon-plus\" aria-hidden=\"true\"><\/i><\/span><span class=\"fusion-toggle-heading\">Recursos preventivos<\/span><\/a><\/h4><\/div><div id=\"6d59864cfac957974\" class=\"panel-collapse collapse \" aria-labelledby=\"toggle_6d59864cfac957974\"><div class=\"panel-body toggle-content fusion-clearfix\">\n<p style=\"text-align: justify;\"><span style=\"font-family: helvetica, arial, sans-serif; font-size: 14pt;\">La funci\u00f3n principal de las personas que forman parte de la seguridad m\u00e1s activa de la empresa es estar presente en los casos que se enumeran a continuaci\u00f3n aportando sus conocimientos en seguridad y su experiencia para evitar que no se existan da\u00f1os humanos ni da\u00f1os materiales.<\/span><\/p>\n<p style=\"text-align: justify;\"><span style=\"font-family: helvetica, arial, sans-serif; font-size: 14pt;\">A los mismos se les deber\u00e1 de dotar de los recursos necesarios para poder desarrollar su actividad, deber\u00e1n de tener capacidad suficiente y ser suficientes para vigilar el cumplimiento de las actividades preventivas.<\/span><\/p>\n<p style=\"text-align: justify;\"><span style=\"font-family: helvetica, arial, sans-serif; font-size: 14pt;\">En el caso de que existieran diferentes recursos preventivos deber\u00e1n de colaborar entre s\u00ed.<\/span><\/p>\n<ul>\n<li style=\"text-align: justify;\"><span style=\"font-family: helvetica, arial, sans-serif; font-size: 14pt;\">Observaciones: Su nombramiento es obligatorio en todas las empresas en las que exista s\u00edlice, al tratarse de un agente cancer\u00edgeno.<\/span><\/li>\n<\/ul>\n<\/div><\/div><\/div><\/div><\/div><div class=\"fusion-clearfix\"><\/div><\/div><\/div><\/div><\/div><div class=\"fusion-fullwidth fullwidth-box fusion-builder-row-12 nonhundred-percent-fullwidth non-hundred-percent-height-scrolling\" style=\"--awb-border-radius-top-left:0px;--awb-border-radius-top-right:0px;--awb-border-radius-bottom-right:0px;--awb-border-radius-bottom-left:0px;--awb-flex-wrap:wrap;\" ><div class=\"fusion-builder-row fusion-row\"><div class=\"fusion-layout-column fusion_builder_column fusion-builder-column-11 fusion_builder_column_1_1 1_1 fusion-one-full fusion-column-first fusion-column-last\" style=\"--awb-bg-size:cover;--awb-border-color:#03a9f4;--awb-border-style:solid;\"><div class=\"fusion-column-wrapper fusion-column-has-shadow fusion-flex-column-wrapper-legacy\"><div class=\"accordian fusion-accordian\" style=\"--awb-border-size:1px;--awb-icon-size:13px;--awb-content-font-size:14px;--awb-icon-alignment:left;--awb-hover-color:#f9f9f9;--awb-border-color:#cccccc;--awb-background-color:#ffffff;--awb-divider-color:#e0dede;--awb-divider-hover-color:#e0dede;--awb-icon-color:#ffffff;--awb-title-color:#333333;--awb-content-color:#747474;--awb-icon-box-color:#333333;--awb-toggle-hover-accent-color:#6caae4;--awb-title-font-family:Arial, Helvetica, sans-serif;--awb-title-font-weight:400;--awb-title-font-style:normal;--awb-title-font-size:18px;--awb-content-font-family:Arial, Helvetica, sans-serif;--awb-content-font-style:normal;--awb-content-font-weight:400;\"><div class=\"panel-group fusion-toggle-icon-boxed\" id=\"accordion-157-10\"><div class=\"fusion-panel panel-default panel-b6542bfde47b36baa fusion-toggle-has-divider\"><div class=\"panel-heading\"><h4 class=\"panel-title toggle\" id=\"toggle_b6542bfde47b36baa\"><a aria-expanded=\"false\" aria-controls=\"b6542bfde47b36baa\" role=\"button\" data-toggle=\"collapse\" data-parent=\"#accordion-157-10\" data-target=\"#b6542bfde47b36baa\" href=\"#b6542bfde47b36baa\"><span class=\"fusion-toggle-icon-wrapper\" aria-hidden=\"true\"><i class=\"fa-fusion-box active-icon awb-icon-minus\" aria-hidden=\"true\"><\/i><i class=\"fa-fusion-box inactive-icon awb-icon-plus\" aria-hidden=\"true\"><\/i><\/span><span class=\"fusion-toggle-heading\">Encargado coordinaci\u00f3n de actividades empresariales<\/span><\/a><\/h4><\/div><div id=\"b6542bfde47b36baa\" class=\"panel-collapse collapse \" aria-labelledby=\"toggle_b6542bfde47b36baa\"><div class=\"panel-body toggle-content fusion-clearfix\">\n<p style=\"text-align: justify;\"><span style=\"font-size: 14pt; font-family: helvetica, arial, sans-serif;\">Su funci\u00f3n principal es la de ayudar a integrar la prevenci\u00f3n de riesgos laborales en el sistema de gesti\u00f3n de riesgos laborales de la empresa y evitar el mero cumplimiento formal de las exigencias legales en esta materia.<\/span><\/p>\n<p style=\"text-align: justify;\"><span style=\"font-size: 14pt; font-family: helvetica, arial, sans-serif;\">La aplicaci\u00f3n coherente y responsable de los principios de la acci\u00f3n preventiva establecidos en el art. 15 de la <a href=\"https:\/\/www.boe.es\/eli\/es\/l\/1995\/11\/08\/31\/con\" target=\"_blank\" rel=\"noopener noreferrer\">LPRL 31\/1995<\/a> por las empresas concurrentes en el centro de trabajo.<\/span><\/p>\n<p style=\"text-align: justify;\"><span style=\"font-size: 14pt; font-family: helvetica, arial, sans-serif;\">Implantar los m\u00e9todos de trabajo por las empresas concurrentes en el centro de trabajo.<\/span><\/p>\n<p style=\"text-align: justify;\"><span style=\"font-size: 14pt; font-family: helvetica, arial, sans-serif;\">Control de las interacciones de las diferentes actividades desarrolladas en el centro de trabajo, en particular cuando puedan generar riesgos calificados como graves o muy graves; tambi\u00e9n cuando se desarrollen en el centro de trabajo actividades incompatibles entre s\u00ed por su incidencia en la seguridad y salud de los trabajadores.<\/span><\/p>\n<p style=\"text-align: justify;\"><span style=\"font-size: 14pt; font-family: helvetica, arial, sans-serif;\">La adecuaci\u00f3n entre los riesgos existentes en el centro de trabajo que pueden afectar a los trabajadores de las empresas concurrentes y las medidas aplicables para su prevenci\u00f3n.<\/span><\/p>\n<\/div><\/div><\/div><\/div><\/div><div class=\"fusion-clearfix\"><\/div><\/div><\/div><\/div><\/div><div class=\"fusion-fullwidth fullwidth-box fusion-builder-row-13 nonhundred-percent-fullwidth non-hundred-percent-height-scrolling\" style=\"--awb-border-radius-top-left:0px;--awb-border-radius-top-right:0px;--awb-border-radius-bottom-right:0px;--awb-border-radius-bottom-left:0px;--awb-flex-wrap:wrap;\" ><div class=\"fusion-builder-row fusion-row\"><div class=\"fusion-layout-column fusion_builder_column fusion-builder-column-12 fusion_builder_column_1_1 1_1 fusion-one-full fusion-column-first fusion-column-last\" style=\"--awb-bg-size:cover;\"><div class=\"fusion-column-wrapper fusion-column-has-shadow fusion-flex-column-wrapper-legacy\"><div class=\"fusion-text fusion-text-2\"><table style=\"border-collapse: collapse; width: 100%;\">\n<tbody>\n<tr>\n<td style=\"width: 2.39808%; text-align: left;\"><span style=\"font-family: helvetica, arial, sans-serif; font-size: 14pt;\"><i class=\"fb-icon-element-1 fb-icon-element fontawesome-icon fa-angle-double-right fas circle-yes fusion-text-flow\" style=\"--awb-circlecolor:#00098b;--awb-circlecolor-hover:#00098b;--awb-circlebordercolor:#6caae4;--awb-circlebordercolor-hover:#6caae4;--awb-circlebordersize:1px;--awb-font-size:17.6px;--awb-width:35.2px;--awb-height:35.2px;--awb-line-height:33.2px;--awb-margin-right:10px;\"><\/i><\/span><\/td>\n<td style=\"width: 97.6019%;\"><span style=\"font-size: 12pt;\"><a href=\"https:\/\/www.siliceysalud.es\/\"><strong><span style=\"font-family: helvetica, arial, sans-serif;\">Vuelve al men\u00fa principal<\/span><\/strong><\/a><\/span><\/td>\n<\/tr>\n<\/tbody>\n<\/table>\n<p style=\"text-align: center;\">\u00a0<\/p>\n<\/div><div class=\"fusion-clearfix\"><\/div><\/div><\/div><\/div><\/div><\/p>\n","protected":false},"excerpt":{"rendered":"","protected":false},"author":1,"featured_media":0,"parent":0,"menu_order":0,"comment_status":"closed","ping_status":"closed","template":"100-width.php","meta":{"_exactmetrics_skip_tracking":false,"_exactmetrics_sitenote_active":false,"_exactmetrics_sitenote_note":"","_exactmetrics_sitenote_category":0,"footnotes":""},"class_list":["post-157","page","type-page","status-publish","hentry"],"_links":{"self":[{"href":"https:\/\/www.siliceysalud.es\/index.php\/wp-json\/wp\/v2\/pages\/157","targetHints":{"allow":["GET"]}}],"collection":[{"href":"https:\/\/www.siliceysalud.es\/index.php\/wp-json\/wp\/v2\/pages"}],"about":[{"href":"https:\/\/www.siliceysalud.es\/index.php\/wp-json\/wp\/v2\/types\/page"}],"author":[{"embeddable":true,"href":"https:\/\/www.siliceysalud.es\/index.php\/wp-json\/wp\/v2\/users\/1"}],"replies":[{"embeddable":true,"href":"https:\/\/www.siliceysalud.es\/index.php\/wp-json\/wp\/v2\/comments?post=157"}],"version-history":[{"count":27,"href":"https:\/\/www.siliceysalud.es\/index.php\/wp-json\/wp\/v2\/pages\/157\/revisions"}],"predecessor-version":[{"id":2469,"href":"https:\/\/www.siliceysalud.es\/index.php\/wp-json\/wp\/v2\/pages\/157\/revisions\/2469"}],"wp:attachment":[{"href":"https:\/\/www.siliceysalud.es\/index.php\/wp-json\/wp\/v2\/media?parent=157"}],"curies":[{"name":"wp","href":"https:\/\/api.w.org\/{rel}","templated":true}]}}