{"id":175,"date":"2019-09-11T14:25:55","date_gmt":"2019-09-11T12:25:55","guid":{"rendered":"https:\/\/www.siliceysalud.es\/?page_id=175"},"modified":"2023-10-19T11:41:43","modified_gmt":"2023-10-19T09:41:43","slug":"normativa-jurisprudencia","status":"publish","type":"page","link":"https:\/\/www.siliceysalud.es\/index.php\/normativa-jurisprudencia\/","title":{"rendered":"Normativa"},"content":{"rendered":"<p><div class=\"fusion-fullwidth fullwidth-box fusion-builder-row-1 hundred-percent-fullwidth non-hundred-percent-height-scrolling\" style=\"--awb-border-radius-top-left:0px;--awb-border-radius-top-right:0px;--awb-border-radius-bottom-right:0px;--awb-border-radius-bottom-left:0px;--awb-padding-right:0px;--awb-padding-left:0px;--awb-flex-wrap:wrap;\" ><div class=\"fusion-builder-row fusion-row\"><div class=\"fusion-layout-column fusion_builder_column fusion-builder-column-0 fusion_builder_column_1_1 1_1 fusion-one-full fusion-column-first fusion-column-last\" style=\"--awb-bg-size:cover;\"><div class=\"fusion-column-wrapper fusion-column-has-shadow fusion-flex-column-wrapper-legacy\"><div class=\"fusion-image-element fusion-image-align-center in-legacy-container\" style=\"text-align:center;--awb-caption-title-font-family:var(--h2_typography-font-family);--awb-caption-title-font-weight:var(--h2_typography-font-weight);--awb-caption-title-font-style:var(--h2_typography-font-style);--awb-caption-title-size:var(--h2_typography-font-size);--awb-caption-title-transform:var(--h2_typography-text-transform);--awb-caption-title-line-height:var(--h2_typography-line-height);--awb-caption-title-letter-spacing:var(--h2_typography-letter-spacing);\"><div class=\"imageframe-align-center\"><span class=\" fusion-imageframe imageframe-none imageframe-1 hover-type-zoomout\"><img decoding=\"async\" width=\"1920\" height=\"520\" title=\"Spanish Congress of Deputies. Built in Madrid in 1850.\" src=\"https:\/\/www.siliceysalud.es\/wp-content\/uploads\/2021\/01\/congreso.jpg\" alt class=\"img-responsive wp-image-2935\" srcset=\"https:\/\/www.siliceysalud.es\/wp-content\/uploads\/2021\/01\/congreso-200x54.jpg 200w, https:\/\/www.siliceysalud.es\/wp-content\/uploads\/2021\/01\/congreso-400x108.jpg 400w, https:\/\/www.siliceysalud.es\/wp-content\/uploads\/2021\/01\/congreso-600x163.jpg 600w, https:\/\/www.siliceysalud.es\/wp-content\/uploads\/2021\/01\/congreso-800x217.jpg 800w, https:\/\/www.siliceysalud.es\/wp-content\/uploads\/2021\/01\/congreso-1200x325.jpg 1200w, https:\/\/www.siliceysalud.es\/wp-content\/uploads\/2021\/01\/congreso.jpg 1920w\" sizes=\"(max-width: 800px) 100vw, 1200px\" \/><\/span><\/div><\/div><div class=\"fusion-clearfix\"><\/div><\/div><\/div><\/div><\/div><div class=\"fusion-fullwidth fullwidth-box fusion-builder-row-2 nonhundred-percent-fullwidth non-hundred-percent-height-scrolling\" style=\"--awb-border-radius-top-left:0px;--awb-border-radius-top-right:0px;--awb-border-radius-bottom-right:0px;--awb-border-radius-bottom-left:0px;--awb-flex-wrap:wrap;\" ><div class=\"fusion-builder-row fusion-row\"><div class=\"fusion-layout-column fusion_builder_column fusion-builder-column-1 fusion_builder_column_1_1 1_1 fusion-one-full fusion-column-first fusion-column-last\" style=\"--awb-bg-size:cover;\"><div class=\"fusion-column-wrapper fusion-column-has-shadow fusion-flex-column-wrapper-legacy\"><div class=\"fusion-text fusion-text-1\"><p style=\"text-align: justify;\"><span style=\"font-size: 14pt;\"><span style=\"font-family: helvetica, arial, sans-serif;\">Este bloque contiene <\/span><span style=\"background-color: rgba(255, 255, 255, 0);\"><span style=\"font-family: helvetica, arial, sans-serif;\"><span style=\"font-style: var(--body_typography-font-style,normal); font-weight: var(--body_typography-font-weight); letter-spacing: var(--body_typography-letter-spacing);\">la normativa en materia de PRL, as\u00ed como sus gu\u00edas de desarrollo, todas ellas relacionadas <\/span><\/span><span style=\"font-family: helvetica, arial, sans-serif;\">directamente<\/span><span style=\"font-family: helvetica, arial, sans-serif;\"><span style=\"font-style: var(--body_typography-font-style,normal); font-weight: var(--body_typography-font-weight); letter-spacing: var(--body_typography-letter-spacing);\"> con la SCR.<\/span><\/span><\/span><\/span><\/p>\n<p style=\"text-align: justify;\"><span style=\"font-family: helvetica, arial, sans-serif; font-size: 14pt;\">La SCR se ha venido regulando en Espa\u00f1a como un agente con posibles riesgos laborales desde varios \u00e1mbitos:<\/span><\/p>\n<ul style=\"text-align: justify;\">\n<li><span style=\"font-family: helvetica, arial, sans-serif; font-size: 14pt;\">Medidas de prevenci\u00f3n en el \u00e1mbito del <a href=\"https:\/\/www.boe.es\/eli\/es\/rd\/1985\/04\/02\/863\" rel=\"noopener noreferrer\">Reglamento General de Normas B\u00e1sicas de Seguridad Minera<\/a>: <a href=\"https:\/\/www.boe.es\/buscar\/doc.php?id=BOE-A-2021-11458\" rel=\"noopener noreferrer\">Orden TEC\/723\/2021<\/a>, por la que se aprueba la Instrucci\u00f3n T\u00e9cnica Complementaria 2.0.02 de Protecci\u00f3n de los trabajadores contra el riesgo por inhalaci\u00f3n de y s\u00edlice cristalina respirable, del Reglamento General de Normas B\u00e1sicas de Seguridad Minera (en adelante RGNBSM)<\/span><\/li>\n<li><span style=\"font-family: helvetica, arial, sans-serif; font-size: 14pt;\"><span style=\"font-family: helvetica, arial, sans-serif; font-size: 14pt;\">Medidas de prevenci\u00f3n, para actividades no sometidas al RGNBSM, en el \u00e1mbito de los agentes qu\u00edmicos, con un l\u00edmite de exposici\u00f3n ambiental establecido en el documento <a href=\"https:\/\/www.insst.es\/-\/limites-de-exposicion-profesional-lep-\" target=\"_blank\" rel=\"noopener\">LEP<\/a><\/span><\/span><span style=\"font-family: helvetica, arial, sans-serif; font-size: 14pt;\">.<\/span><\/li>\n<\/ul>\n<p style=\"text-align: justify;\"><span style=\"background-color: rgba(255, 255, 255, 0); color: var(--body_typography-color); font-style: var(--body_typography-font-style,normal); font-weight: var(--body_typography-font-weight); letter-spacing: var(--body_typography-letter-spacing); font-family: helvetica, arial, sans-serif; font-size: 14pt;\">Mediante la <a href=\"https:\/\/eur-lex.europa.eu\/legal-content\/ES\/TXT\/?uri=CELEX%3A32017L2398\" rel=\"noopener noreferrer\">Directiva 2017\/2398<\/a> se ha incluido en el anexo I los \u201cTrabajos que <\/span><span style=\"background-color: rgba(255, 255, 255, 0); color: var(--body_typography-color); font-style: var(--body_typography-font-style,normal); font-weight: var(--body_typography-font-weight); letter-spacing: var(--body_typography-letter-spacing); font-family: helvetica, arial, sans-serif; font-size: 14pt;\">supongan exposici\u00f3n al polvo respirable de s\u00edlice cristalina generado en un proceso de <\/span><span style=\"background-color: rgba(255, 255, 255, 0); color: var(--body_typography-color); font-style: var(--body_typography-font-style,normal); font-weight: var(--body_typography-font-weight); letter-spacing: var(--body_typography-letter-spacing); font-family: helvetica, arial, sans-serif; font-size: 14pt;\">trabajo\u201d. Dado que la sustancia \u201cs\u00edlice cristalina\u201d no es objeto de clasificaci\u00f3n en el <\/span><span style=\"background-color: rgba(255, 255, 255, 0); color: var(--body_typography-color); font-style: var(--body_typography-font-style,normal); font-weight: var(--body_typography-font-weight); letter-spacing: var(--body_typography-letter-spacing); font-family: helvetica, arial, sans-serif; font-size: 14pt;\">\u00e1mbito del <a href=\"https:\/\/www.boe.es\/buscar\/doc.php?id=DOUE-L-2008-82637\" rel=\"noopener noreferrer\">Reglamento CLP<\/a> (acr\u00f3nimo de clasificaci\u00f3n, etiquetado y envasado de sus siglas en ingl\u00e9s), se ha optado a nivel europeo por incluirla en el anexo I, <\/span><span style=\"background-color: rgba(255, 255, 255, 0); color: var(--body_typography-color); font-style: var(--body_typography-font-style,normal); font-weight: var(--body_typography-font-weight); letter-spacing: var(--body_typography-letter-spacing); font-family: helvetica, arial, sans-serif; font-size: 14pt;\">entre los procesos que pueden dar lugar a circunstancias que produzcan un riesgo.<\/span><\/p>\n<p style=\"text-align: justify;\"><span style=\"font-family: helvetica, arial, sans-serif; font-size: 14pt;\">De entre los nuevos valores l\u00edmite vinculantes para agentes cancer\u00edgenos que establece la trasposici\u00f3n de la nueva Directiva de cancer\u00edgenos <\/span><span style=\"font-family: helvetica, arial, sans-serif; font-size: 14pt;\">en la que se le asigna a la s\u00edlice libre cristalina respirable es un VLE 0,1 mg\/m3, valor m\u00e1ximo que deber\u00e1n establecer los Estados miembros en sus respectivas normativas nacionales, siendo traspuesto a nivel nacional en <strong>0,05 mg\/m3<\/strong> (0,1 mg\/m3 hasta el 31 de diciembre de 2021)<span style=\"font-family: helvetica, arial, sans-serif;\">.<\/span><\/span><\/p>\n<p style=\"text-align: justify;\"><strong><span style=\"font-family: helvetica, arial, sans-serif; font-size: 14pt;\">El establecimiento de la SCR generada en un proceso de trabajo como agente <\/span><span style=\"font-family: helvetica, arial, sans-serif; font-size: 14pt;\">cancer\u00edgeno supone un cambio de calado en la normativa aplicable.<\/span><\/strong><\/p>\n<p style=\"text-align: justify;\"><span style=\"font-family: helvetica, arial, sans-serif; font-size: 14pt; background-color: rgba(255, 255, 255, 0); color: var(--body_typography-color); font-style: var(--body_typography-font-style,normal); font-weight: var(--body_typography-font-weight); letter-spacing: var(--body_typography-letter-spacing);\">Por otra parte, conviene se\u00f1alar que la vigilancia de la salud, que se viene realizando ya con arreglo al Protocolo aprobado por el Ministerio de Sanidad, adquirir\u00e1 un car\u00e1cter de obligatoriedad m\u00e1s relevante, debido a la inclusi\u00f3n de la SCR en una normativa espec\u00edfica como ser\u00e1, el <\/span><a style=\"font-family: helvetica, arial, sans-serif; font-size: 14pt; background-color: rgba(255, 255, 255, 0); font-style: var(--body_typography-font-style,normal); font-weight: var(--body_typography-font-weight); letter-spacing: var(--body_typography-letter-spacing);\" href=\"https:\/\/www.boe.es\/eli\/es\/rd\/1997\/05\/12\/665\/con\" rel=\"noopener noreferrer\">Real Decreto 665\/1997<\/a><span style=\"font-family: helvetica, arial, sans-serif; font-size: 14pt; background-color: rgba(255, 255, 255, 0); color: var(--body_typography-color); font-style: var(--body_typography-font-style,normal); font-weight: var(--body_typography-font-weight); letter-spacing: var(--body_typography-letter-spacing);\">, que obliga al empresario a garantizar una vigilancia de la salud adecuada.<\/span><\/p>\n<p style=\"text-align: justify;\"><span style=\"font-family: helvetica, arial, sans-serif; font-size: 14pt;\">En este sentido el <a href=\"https:\/\/www.boe.es\/eli\/es\/rd\/2018\/05\/04\/257\" rel=\"noopener noreferrer\">Real Decreto 257\/2018<\/a>, de 4 de mayo de 2018, por <\/span><span style=\"font-family: helvetica, arial, sans-serif; font-size: 14pt;\">el que se modifica el <a href=\"https:\/\/www.boe.es\/eli\/es\/rd\/2006\/11\/10\/1299\/con\" rel=\"noopener noreferrer\">Real Decreto 1299\/2006<\/a> por el que se aprueba el cuadro de <\/span><span style=\"font-family: helvetica, arial, sans-serif; font-size: 14pt;\">enfermedades profesionales en Espa\u00f1a, incorpor\u00f3 el c\u00e1ncer de pulm\u00f3n por exposici\u00f3n <\/span><span style=\"font-family: helvetica, arial, sans-serif; font-size: 14pt;\">a polvo respirable de s\u00edlice libre en el grupo 6 de enfermedades profesionales causadas <\/span><span style=\"font-family: helvetica, arial, sans-serif; font-size: 14pt;\">por agentes carcin\u00f3genos. Este grupo incluye, entre las principales actividades <\/span><span style=\"font-family: helvetica, arial, sans-serif; font-size: 14pt;\">afectadas, los trabajos en minas, t\u00faneles, canteras, galer\u00edas, obras p\u00fablicas, tallado y <\/span><span style=\"font-family: helvetica, arial, sans-serif; font-size: 14pt;\">pulido de rocas sil\u00edceas, trabajos de canter\u00edas y trabajos en seco, de trituraci\u00f3n, <\/span><span style=\"font-family: helvetica, arial, sans-serif; font-size: 14pt;\">tamizado y manipulaci\u00f3n de minerales o rocas, por lo que, en mayor o menor grado, <\/span><span style=\"font-family: helvetica, arial, sans-serif; font-size: 14pt;\">pueden estar incluidas un gran n\u00famero de industrias.<\/span><\/p>\n<\/div><div class=\"fusion-clearfix\"><\/div><\/div><\/div><\/div><\/div><div class=\"fusion-fullwidth fullwidth-box fusion-builder-row-3 nonhundred-percent-fullwidth non-hundred-percent-height-scrolling\" style=\"--awb-border-radius-top-left:0px;--awb-border-radius-top-right:0px;--awb-border-radius-bottom-right:0px;--awb-border-radius-bottom-left:0px;--awb-flex-wrap:wrap;\" ><div class=\"fusion-builder-row fusion-row\"><div class=\"fusion-layout-column fusion_builder_column fusion-builder-column-2 fusion_builder_column_1_2 1_2 fusion-one-half fusion-column-first\" style=\"--awb-bg-size:cover;width:50%;width:calc(50% - ( ( 4% ) * 0.5 ) );margin-right: 4%;\"><div class=\"fusion-column-wrapper fusion-column-has-shadow fusion-flex-column-wrapper-legacy\"><div class=\"fusion-text fusion-text-2\"><table style=\"border-collapse: collapse; width: 100%;\">\n<tbody>\n<tr>\n<td style=\"width: 100%; background-color: #00098b; text-align: center;\"><span style=\"color: #ffffff; font-family: helvetica, arial, sans-serif;\"><span style=\"font-size: 18.6667px;\"><b>NORMATIVA EUROPEA<\/b><\/span><\/span><\/td>\n<\/tr>\n<\/tbody>\n<\/table>\n<\/div><div class=\"fusion-flip-boxes flip-boxes row fusion-columns-1 flip-effect-classic\"><div class=\"fusion-flip-box-wrapper fusion-column col-lg-12 col-md-12 col-sm-12\"><div class=\"fusion-flip-box flip-right\" tabindex=\"0\"><div class=\"flip-box-inner-wrapper\"><div class=\"flip-box-front\" style=\"--awb-title-front-color:#ffffff;--awb-text-front-color:#ffffff;\"><div class=\"flip-box-front-inner\"><div class=\"flip-box-grafix flip-box-image\"><img decoding=\"async\" src=\"https:\/\/www.siliceysalud.es\/wp-content\/uploads\/2019\/10\/EUROPA-1.jpg\" width=\"688\" height=\"516\" alt=\"\" \/><\/div><\/div><\/div><div class=\"flip-box-back\" style=\"--awb-background-color-back:#6caae4;\"><div class=\"flip-box-back-inner\">\n<p style=\"text-align: left;\"><span style=\"font-size: 14pt; font-family: helvetica, arial, sans-serif;\">Recopilaci\u00f3n de normativas europeas relacionadas con la SCR y que tienen el fin de ser traspuestas al ordenamiento jur\u00eddico de cada pa\u00eds miembro.<\/span><\/p>\n<p style=\"text-align: left;\"><a href=\"https:\/\/www.siliceysalud.es\/index.php\/normativa-europea\/\"><span style=\"color: #333333;\"><span style=\"font-family: helvetica, arial, sans-serif; font-size: 14pt;\"><i class=\"fb-icon-element-1 fb-icon-element fontawesome-icon fa-angle-double-right fas circle-yes fusion-text-flow\" style=\"--awb-circlebordersize:1px;--awb-font-size:28.16px;--awb-width:56.32px;--awb-height:56.32px;--awb-line-height:54.32px;--awb-margin-right:16px;\"><\/i>Consulta la normativa<\/span><\/span><\/a><\/p>\n<\/div><\/div><\/div><\/div><\/div><\/div><div class=\"clearfix\"><\/div><div class=\"fusion-clearfix\"><\/div><\/div><\/div><div class=\"fusion-layout-column fusion_builder_column fusion-builder-column-3 fusion_builder_column_1_2 1_2 fusion-one-half fusion-column-last\" style=\"--awb-bg-size:cover;width:50%;width:calc(50% - ( ( 4% ) * 0.5 ) );\"><div class=\"fusion-column-wrapper fusion-column-has-shadow fusion-flex-column-wrapper-legacy\"><div class=\"fusion-text fusion-text-3\"><table style=\"border-collapse: collapse; width: 103.735%;\">\n<tbody>\n<tr>\n<td style=\"width: 100%; background-color: #00098b; text-align: center;\"><span style=\"color: #ffffff; font-family: helvetica, arial, sans-serif;\"><span style=\"font-size: 18.6667px;\"><b>NORMATIVA NACIONAL<\/b><\/span><\/span><\/td>\n<\/tr>\n<\/tbody>\n<\/table>\n<\/div><div class=\"fusion-flip-boxes flip-boxes row fusion-columns-1 flip-effect-classic\"><div class=\"fusion-flip-box-wrapper fusion-column col-lg-12 col-md-12 col-sm-12\"><div class=\"fusion-flip-box flip-right\" tabindex=\"0\"><div class=\"flip-box-inner-wrapper\"><div class=\"flip-box-front\"><div class=\"flip-box-front-inner\"><div class=\"flip-box-grafix flip-box-image\"><img decoding=\"async\" src=\"https:\/\/www.siliceysalud.es\/wp-content\/uploads\/2021\/01\/ESPANA-1-300x225-1.jpg\" width=\"688\" height=\"516\" alt=\"\" \/><\/div><\/div><\/div><div class=\"flip-box-back\" style=\"--awb-background-color-back:#6caae4;--awb-text-back-color:#ffffff;\"><div class=\"flip-box-back-inner\">\n<p style=\"text-align: left;\"><span style=\"font-family: helvetica, arial, sans-serif;\"><span style=\"font-size: 18.6667px;\">Normativa de \u00e1mbito nacional relativa al cumplimiento de la integraci\u00f3n de la PRL en la empresa en relaci\u00f3n\u00a0con la SCR.<\/span><\/span><\/p>\n<p style=\"text-align: left;\"><a href=\"https:\/\/www.siliceysalud.es\/index.php\/normativa-jurisprudencia\/nacional\/\"><span style=\"font-family: helvetica, arial, sans-serif; font-size: 14pt;\"><i class=\"fb-icon-element-2 fb-icon-element fontawesome-icon fa-angle-double-right fas circle-yes fusion-text-flow\" style=\"--awb-circlebordersize:1px;--awb-font-size:28.16px;--awb-width:56.32px;--awb-height:56.32px;--awb-line-height:54.32px;--awb-margin-right:16px;\"><\/i>Consulta la normativa<\/span><\/a><\/p>\n<\/div><\/div><\/div><\/div><\/div><\/div><div class=\"clearfix\"><\/div><div class=\"fusion-clearfix\"><\/div><\/div><\/div><\/div><\/div><div class=\"fusion-fullwidth fullwidth-box fusion-builder-row-4 nonhundred-percent-fullwidth non-hundred-percent-height-scrolling\" style=\"--awb-border-radius-top-left:0px;--awb-border-radius-top-right:0px;--awb-border-radius-bottom-right:0px;--awb-border-radius-bottom-left:0px;--awb-flex-wrap:wrap;\" ><div class=\"fusion-builder-row fusion-row\"><div class=\"fusion-layout-column fusion_builder_column fusion-builder-column-4 fusion_builder_column_1_1 1_1 fusion-one-full fusion-column-first fusion-column-last\" style=\"--awb-bg-size:cover;\"><div class=\"fusion-column-wrapper fusion-column-has-shadow fusion-flex-column-wrapper-legacy\"><div class=\"fusion-text fusion-text-4\"><table style=\"border-collapse: collapse; width: 100%;\">\n<tbody>\n<tr>\n<td style=\"width: 2.39808%; text-align: left;\"><span style=\"font-family: helvetica, arial, sans-serif; font-size: 14pt;\"><i class=\"fb-icon-element-3 fb-icon-element fontawesome-icon fa-angle-double-right fas circle-yes fusion-text-flow\" style=\"--awb-circlecolor:#00098b;--awb-circlecolor-hover:#00098b;--awb-circlebordercolor:#6caae4;--awb-circlebordercolor-hover:#6caae4;--awb-circlebordersize:1px;--awb-font-size:17.6px;--awb-width:35.2px;--awb-height:35.2px;--awb-line-height:33.2px;--awb-margin-right:10px;\"><\/i><\/span><\/td>\n<td style=\"width: 97.6019%;\"><span style=\"font-size: 12pt;\"><a href=\"https:\/\/www.siliceysalud.es\/\"><strong><span style=\"font-family: helvetica, arial, sans-serif;\">Vuelve al men\u00fa principal<\/span><\/strong><\/a><\/span><\/td>\n<\/tr>\n<\/tbody>\n<\/table>\n<\/div><div class=\"fusion-clearfix\"><\/div><\/div><\/div><\/div><\/div><\/p>\n","protected":false},"excerpt":{"rendered":"","protected":false},"author":1,"featured_media":0,"parent":0,"menu_order":0,"comment_status":"closed","ping_status":"closed","template":"100-width.php","meta":{"_exactmetrics_skip_tracking":false,"_exactmetrics_sitenote_active":false,"_exactmetrics_sitenote_note":"","_exactmetrics_sitenote_category":0,"footnotes":""},"class_list":["post-175","page","type-page","status-publish","hentry"],"_links":{"self":[{"href":"https:\/\/www.siliceysalud.es\/index.php\/wp-json\/wp\/v2\/pages\/175","targetHints":{"allow":["GET"]}}],"collection":[{"href":"https:\/\/www.siliceysalud.es\/index.php\/wp-json\/wp\/v2\/pages"}],"about":[{"href":"https:\/\/www.siliceysalud.es\/index.php\/wp-json\/wp\/v2\/types\/page"}],"author":[{"embeddable":true,"href":"https:\/\/www.siliceysalud.es\/index.php\/wp-json\/wp\/v2\/users\/1"}],"replies":[{"embeddable":true,"href":"https:\/\/www.siliceysalud.es\/index.php\/wp-json\/wp\/v2\/comments?post=175"}],"version-history":[{"count":43,"href":"https:\/\/www.siliceysalud.es\/index.php\/wp-json\/wp\/v2\/pages\/175\/revisions"}],"predecessor-version":[{"id":3154,"href":"https:\/\/www.siliceysalud.es\/index.php\/wp-json\/wp\/v2\/pages\/175\/revisions\/3154"}],"wp:attachment":[{"href":"https:\/\/www.siliceysalud.es\/index.php\/wp-json\/wp\/v2\/media?parent=175"}],"curies":[{"name":"wp","href":"https:\/\/api.w.org\/{rel}","templated":true}]}}