{"id":283,"date":"2019-09-11T14:43:31","date_gmt":"2019-09-11T12:43:31","guid":{"rendered":"https:\/\/www.siliceysalud.es\/?page_id=283"},"modified":"2021-01-14T09:06:29","modified_gmt":"2021-01-14T08:06:29","slug":"otros","status":"publish","type":"page","link":"https:\/\/www.siliceysalud.es\/index.php\/repositorio\/otros\/","title":{"rendered":"Otros"},"content":{"rendered":"<p><div class=\"fusion-fullwidth fullwidth-box fusion-builder-row-1 nonhundred-percent-fullwidth non-hundred-percent-height-scrolling\" style=\"--awb-border-radius-top-left:0px;--awb-border-radius-top-right:0px;--awb-border-radius-bottom-right:0px;--awb-border-radius-bottom-left:0px;--awb-flex-wrap:wrap;\" ><div class=\"fusion-builder-row fusion-row\"><div class=\"fusion-layout-column fusion_builder_column fusion-builder-column-0 fusion_builder_column_1_2 1_2 fusion-one-half fusion-column-first\" style=\"--awb-bg-size:cover;width:50%;width:calc(50% - ( ( 4% ) * 0.5 ) );margin-right: 4%;\"><div class=\"fusion-column-wrapper fusion-column-has-shadow fusion-flex-column-wrapper-legacy\"><div class=\"fusion-text fusion-text-1\"><table style=\"border-collapse: collapse; width: 100%;\">\n<tbody>\n<tr>\n<td style=\"width: 100%; background-color: #00098b; text-align: center;\"><font color=\"#ffffff\" face=\"helvetica, arial, sans-serif\"><span style=\"font-size: 18.6667px;\"><b>ART\u00cdCULO: Silicosis. diagn\u00f3stico por imagen<\/b><\/span><\/font><\/td>\n<\/tr>\n<\/tbody>\n<\/table>\n<\/div><div class=\"fusion-flip-boxes flip-boxes row fusion-columns-1 flip-effect-classic\"><div class=\"fusion-flip-box-wrapper fusion-column col-lg-12 col-md-12 col-sm-12\"><div class=\"fusion-flip-box flip-right\" tabindex=\"0\"><div class=\"flip-box-inner-wrapper\"><div class=\"flip-box-front\" style=\"--awb-title-front-color:#ffffff;--awb-text-front-color:#ffffff;\"><div class=\"flip-box-front-inner\"><div class=\"flip-box-grafix flip-box-image\"><img decoding=\"async\" src=\"https:\/\/www.siliceysalud.es\/wp-content\/uploads\/2019\/10\/Articulo-semg.jpg\" width=\"645\" height=\"912\" alt=\"\" \/><\/div><\/div><\/div><div class=\"flip-box-back\" style=\"--awb-background-color-back:#6caae4;\"><div class=\"flip-box-back-inner\">\n<p style=\"text-align: left;\"><span style=\"font-family: helvetica, arial, sans-serif; font-size: 14pt;\">An\u00e1lisis de 3 casos de silicosis en varones nacidos entre 1930 y 1935, actualmente jubilados, exfumadores, que son atendidos por presentar cl\u00ednica de disnea grado II-III y tos ocasional.\u00a0<\/span><\/p>\n<p style=\"text-align: left;\"><span style=\"font-family: helvetica, arial, sans-serif; font-size: 14pt;\">A\u00f1o de publicaci\u00f3n: 2016<\/span><\/p>\n<p style=\"text-align: left;\"><a href=\"https:\/\/www.elsevier.es\/es-revista-medicina-general-familia-edicion-digital--231-articulo-silicosis-S1889543316000177\"><span style=\"font-family: helvetica, arial, sans-serif; font-size: 14pt;\"><i class=\"fb-icon-element-1 fb-icon-element fontawesome-icon fa-angle-double-right fas circle-yes fusion-text-flow\" style=\"--awb-circlebordersize:1px;--awb-font-size:28.16px;--awb-width:56.32px;--awb-height:56.32px;--awb-line-height:54.32px;--awb-margin-right:16px;\"><\/i>Accede al art\u00edculo<\/span><\/a><\/p>\n<\/div><\/div><\/div><\/div><\/div><\/div><div class=\"clearfix\"><\/div><div class=\"fusion-clearfix\"><\/div><\/div><\/div><div class=\"fusion-layout-column fusion_builder_column fusion-builder-column-1 fusion_builder_column_1_2 1_2 fusion-one-half fusion-column-last\" style=\"--awb-bg-size:cover;width:50%;width:calc(50% - ( ( 4% ) * 0.5 ) );\"><div class=\"fusion-column-wrapper fusion-column-has-shadow fusion-flex-column-wrapper-legacy\"><div class=\"fusion-text fusion-text-2\"><table style=\"border-collapse: collapse; width: 103.735%;\">\n<tbody>\n<tr>\n<td style=\"width: 100%; background-color: #00098b; text-align: center;\"><font color=\"#ffffff\" face=\"helvetica, arial, sans-serif\"><span style=\"font-size: 18.6667px;\"><b>ART\u00cdCULO: El INS y las enfermedades respiratorias&#8230;<\/b><\/span><\/font><\/td>\n<\/tr>\n<\/tbody>\n<\/table>\n<\/div><div class=\"fusion-flip-boxes flip-boxes row fusion-columns-1 flip-effect-classic\"><div class=\"fusion-flip-box-wrapper fusion-column col-lg-12 col-md-12 col-sm-12\"><div class=\"fusion-flip-box flip-right\" tabindex=\"0\"><div class=\"flip-box-inner-wrapper\"><div class=\"flip-box-front\"><div class=\"flip-box-front-inner\"><div class=\"flip-box-grafix flip-box-image\"><img decoding=\"async\" src=\"https:\/\/www.siliceysalud.es\/wp-content\/uploads\/2019\/10\/Articulo-ins.jpg\" width=\"645\" height=\"912\" alt=\"\" \/><\/div><\/div><\/div><div class=\"flip-box-back\" style=\"--awb-background-color-back:#6caae4;--awb-text-back-color:#ffffff;\"><div class=\"flip-box-back-inner\">\n<p style=\"text-align: justify;\"><span style=\"font-family: helvetica, arial, sans-serif;\"><span style=\"font-size: 18.6667px;\">Interesante art\u00edculo que versa, entre otros contenidos, sobre el concepto de la enfermedad profesional, la silicosis, normativa hist\u00f3rica relacionada.<\/span><\/span><\/p>\n<p style=\"text-align: justify;\"><span style=\"font-family: helvetica, arial, sans-serif; font-size: 12pt;\">A\u00f1o de publicaci\u00f3n: 2001<\/span><\/p>\n<p style=\"text-align: left;\"><a href=\"https:\/\/www.ugr.es\/~amenende\/publicaciones\/Silicosis_SEPAR.pdf\"><span style=\"font-family: helvetica, arial, sans-serif; font-size: 14pt;\"><i class=\"fb-icon-element-2 fb-icon-element fontawesome-icon fa-angle-double-right fas circle-yes fusion-text-flow\" style=\"--awb-circlebordersize:1px;--awb-font-size:28.16px;--awb-width:56.32px;--awb-height:56.32px;--awb-line-height:54.32px;--awb-margin-right:16px;\"><\/i>Accede al art\u00edculo<\/span><\/a><\/p>\n<\/div><\/div><\/div><\/div><\/div><\/div><div class=\"clearfix\"><\/div><div class=\"fusion-clearfix\"><\/div><\/div><\/div><\/div><\/div><div class=\"fusion-fullwidth fullwidth-box fusion-builder-row-2 nonhundred-percent-fullwidth non-hundred-percent-height-scrolling\" style=\"--awb-border-radius-top-left:0px;--awb-border-radius-top-right:0px;--awb-border-radius-bottom-right:0px;--awb-border-radius-bottom-left:0px;--awb-flex-wrap:wrap;\" ><div class=\"fusion-builder-row fusion-row\"><div class=\"fusion-layout-column fusion_builder_column fusion-builder-column-2 fusion_builder_column_1_2 1_2 fusion-one-half fusion-column-first\" style=\"--awb-bg-size:cover;width:50%;width:calc(50% - ( ( 4% ) * 0.5 ) );margin-right: 4%;\"><div class=\"fusion-column-wrapper fusion-column-has-shadow fusion-flex-column-wrapper-legacy\"><div class=\"fusion-text fusion-text-3\"><table style=\"border-collapse: collapse; width: 100%;\">\n<tbody>\n<tr>\n<td style=\"width: 100%; background-color: #00098b; text-align: center;\"><font color=\"#ffffff\" face=\"helvetica, arial, sans-serif\"><span style=\"font-size: 18.6667px;\"><b>ART\u00cdCULO: Normativa para el diagn\u00f3stico y&#8230;<\/b><\/span><\/font><\/td>\n<\/tr>\n<\/tbody>\n<\/table>\n<\/div><div class=\"fusion-flip-boxes flip-boxes row fusion-columns-1 flip-effect-classic\"><div class=\"fusion-flip-box-wrapper fusion-column col-lg-12 col-md-12 col-sm-12\"><div class=\"fusion-flip-box flip-right\" tabindex=\"0\"><div class=\"flip-box-inner-wrapper\"><div class=\"flip-box-front\" style=\"--awb-title-front-color:#ffffff;--awb-text-front-color:#ffffff;\"><div class=\"flip-box-front-inner\"><div class=\"flip-box-grafix flip-box-image\"><img decoding=\"async\" src=\"https:\/\/www.siliceysalud.es\/wp-content\/uploads\/2019\/10\/Articulo-elsevier_normativa-para-el-diagnostico.jpg\" width=\"645\" height=\"912\" alt=\"\" \/><\/div><\/div><\/div><div class=\"flip-box-back\" style=\"--awb-background-color-back:#6caae4;\"><div class=\"flip-box-back-inner\">\n<p style=\"text-align: justify;\"><span style=\"font-family: helvetica, arial, sans-serif; font-size: 14pt;\">En este art\u00edculo se repasa aspectos cl\u00ednicos, radiol\u00f3gicos y funcionales, sugiriendo tambi\u00e9n estrategias de diagn\u00f3stico y seguimiento para la clasificaci\u00f3n de los pacientes, y recomendaciones para las implicaciones laborales de esta enfermedad.<\/span><\/p>\n<p style=\"text-align: justify;\"><span style=\"font-family: helvetica, arial, sans-serif; font-size: 14pt;\">A\u00f1o de publicaci\u00f3n: 2014<\/span><\/p>\n<p style=\"text-align: left;\"><a href=\"https:\/\/www.archbronconeumol.org\/es-pdf-S0300289614003275\"><span style=\"font-family: helvetica, arial, sans-serif; font-size: 14pt;\"><i class=\"fb-icon-element-3 fb-icon-element fontawesome-icon fa-angle-double-right fas circle-yes fusion-text-flow\" style=\"--awb-circlebordersize:1px;--awb-font-size:28.16px;--awb-width:56.32px;--awb-height:56.32px;--awb-line-height:54.32px;--awb-margin-right:16px;\"><\/i>Accede al art\u00edculo<\/span><\/a><\/p>\n<\/div><\/div><\/div><\/div><\/div><\/div><div class=\"clearfix\"><\/div><div class=\"fusion-clearfix\"><\/div><\/div><\/div><div class=\"fusion-layout-column fusion_builder_column fusion-builder-column-3 fusion_builder_column_1_2 1_2 fusion-one-half fusion-column-last\" style=\"--awb-bg-size:cover;width:50%;width:calc(50% - ( ( 4% ) * 0.5 ) );\"><div class=\"fusion-column-wrapper fusion-column-has-shadow fusion-flex-column-wrapper-legacy\"><div class=\"fusion-text fusion-text-4\"><table style=\"border-collapse: collapse; width: 103.735%;\">\n<tbody>\n<tr>\n<td style=\"width: 100%; background-color: #00098b; text-align: center;\"><font color=\"#ffffff\" face=\"helvetica, arial, sans-serif\"><span style=\"font-size: 18.6667px;\"><b>ART\u00cdCULO: Cambio de perfil de las enfermedades&#8230;<\/b><\/span><\/font><\/td>\n<\/tr>\n<\/tbody>\n<\/table>\n<\/div><div class=\"fusion-flip-boxes flip-boxes row fusion-columns-1 flip-effect-classic\"><div class=\"fusion-flip-box-wrapper fusion-column col-lg-12 col-md-12 col-sm-12\"><div class=\"fusion-flip-box flip-right\" tabindex=\"0\"><div class=\"flip-box-inner-wrapper\"><div class=\"flip-box-front\"><div class=\"flip-box-front-inner\"><div class=\"flip-box-grafix flip-box-image\"><img decoding=\"async\" src=\"https:\/\/www.siliceysalud.es\/wp-content\/uploads\/2019\/10\/Articulo-cambio-perfil.jpg\" width=\"645\" height=\"912\" alt=\"\" \/><\/div><\/div><\/div><div class=\"flip-box-back\" style=\"--awb-background-color-back:#6caae4;--awb-text-back-color:#ffffff;\"><div class=\"flip-box-back-inner\">\n<p style=\"text-align: justify;\"><span style=\"font-family: helvetica, arial, sans-serif;\"><span style=\"font-size: 18.6667px;\">An\u00e1lisis del cambio de las condiciones de trabajo que sigue incidiendo de manera notable en la incidencia de la enfermedad profesional pese a pol\u00edticas estrat\u00e9gicas en diversos pa\u00edses.<\/span><\/span><\/p>\n<p style=\"text-align: justify;\"><span style=\"font-family: helvetica, arial, sans-serif; font-size: 14pt;\">A\u00f1o de publicaci\u00f3n: 2018<\/span><\/p>\n<p style=\"text-align: left;\"><a href=\"https:\/\/www.archbronconeumol.org\/es-pdf-S0300289617302338\"><span style=\"font-family: helvetica, arial, sans-serif; font-size: 14pt;\"><i class=\"fb-icon-element-4 fb-icon-element fontawesome-icon fa-angle-double-right fas circle-yes fusion-text-flow\" style=\"--awb-circlebordersize:1px;--awb-font-size:28.16px;--awb-width:56.32px;--awb-height:56.32px;--awb-line-height:54.32px;--awb-margin-right:16px;\"><\/i>Accede al art\u00edculo<\/span><\/a><\/p>\n<\/div><\/div><\/div><\/div><\/div><\/div><div class=\"clearfix\"><\/div><div class=\"fusion-clearfix\"><\/div><\/div><\/div><\/div><\/div><div class=\"fusion-fullwidth fullwidth-box fusion-builder-row-3 nonhundred-percent-fullwidth non-hundred-percent-height-scrolling\" style=\"--awb-border-radius-top-left:0px;--awb-border-radius-top-right:0px;--awb-border-radius-bottom-right:0px;--awb-border-radius-bottom-left:0px;--awb-flex-wrap:wrap;\" ><div class=\"fusion-builder-row fusion-row\"><div class=\"fusion-layout-column fusion_builder_column fusion-builder-column-4 fusion_builder_column_1_2 1_2 fusion-one-half fusion-column-first\" style=\"--awb-bg-size:cover;width:50%;width:calc(50% - ( ( 4% ) * 0.5 ) );margin-right: 4%;\"><div class=\"fusion-column-wrapper fusion-column-has-shadow fusion-flex-column-wrapper-legacy\"><div class=\"fusion-text fusion-text-5\"><table style=\"border-collapse: collapse; width: 103.735%;\">\n<tbody>\n<tr>\n<td style=\"width: 100%; background-color: #00098b; text-align: center;\"><font color=\"#ffffff\" face=\"helvetica, arial, sans-serif\"><span style=\"font-size: 18.6667px;\"><b>ART\u00cdCULO: Barreras a la s\u00edlice<\/b><\/span><\/font><\/td>\n<\/tr>\n<\/tbody>\n<\/table>\n<\/div><div class=\"fusion-flip-boxes flip-boxes row fusion-columns-1 flip-effect-classic\"><div class=\"fusion-flip-box-wrapper fusion-column col-lg-12 col-md-12 col-sm-12\"><div class=\"fusion-flip-box flip-right\" tabindex=\"0\"><div class=\"flip-box-inner-wrapper\"><div class=\"flip-box-front\"><div class=\"flip-box-front-inner\"><div class=\"flip-box-grafix flip-box-image\"><img decoding=\"async\" src=\"https:\/\/www.siliceysalud.es\/wp-content\/uploads\/2021\/01\/Reportaje-Barreras-a-la-silice.jpg\" width=\"1357\" height=\"1920\" alt=\"\" \/><\/div><\/div><\/div><div class=\"flip-box-back\" style=\"--awb-background-color-back:#6caae4;--awb-text-back-color:#ffffff;\"><div class=\"flip-box-back-inner\">\n<p style=\"text-align: justify;\"><span style=\"font-family: helvetica, arial, sans-serif;\"><span style=\"font-size: 18.6667px;\">Art\u00edculo en ROC Maquinaria sobre las Barreras a la s\u00edlice, medidas y control de la s\u00edlice en los talleres de elaboraci\u00f3n. Art\u00edculo elaborado por Centro Tecnol\u00f3gico del M\u00e1rmol, Piedra y Materiales (CTM).<\/span><\/span><\/p>\n<p style=\"text-align: justify;\"><span style=\"font-family: helvetica, arial, sans-serif; font-size: 14pt;\">A\u00f1o de publicaci\u00f3n: 2011<\/span><\/p>\n<p style=\"text-align: left;\"><a href=\"https:\/\/www.siliceysalud.es\/wp-content\/uploads\/2020\/01\/2011_ctmarmol_ins_seg_ind_roc_maquina_polvo_silice_murcia.pdf\"><span style=\"font-family: helvetica, arial, sans-serif; font-size: 14pt;\"><i class=\"fb-icon-element-5 fb-icon-element fontawesome-icon fa-angle-double-right fas circle-yes fusion-text-flow\" style=\"--awb-circlebordersize:1px;--awb-font-size:28.16px;--awb-width:56.32px;--awb-height:56.32px;--awb-line-height:54.32px;--awb-margin-right:16px;\"><\/i>Accede al art\u00edculo<\/span><\/a><\/p>\n<\/div><\/div><\/div><\/div><\/div><\/div><div class=\"clearfix\"><\/div><div class=\"fusion-clearfix\"><\/div><\/div><\/div><div class=\"fusion-layout-column fusion_builder_column fusion-builder-column-5 fusion_builder_column_1_2 1_2 fusion-one-half fusion-column-last\" style=\"--awb-bg-size:cover;width:50%;width:calc(50% - ( ( 4% ) * 0.5 ) );\"><div class=\"fusion-column-wrapper fusion-column-has-shadow fusion-flex-column-wrapper-legacy\"><div class=\"fusion-text fusion-text-6\"><table style=\"border-collapse: collapse; width: 103.735%;\">\n<tbody>\n<tr>\n<td style=\"width: 100%; background-color: #00098b; text-align: center;\"><font color=\"#ffffff\" face=\"helvetica, arial, sans-serif\"><span style=\"font-size: 18.6667px;\"><b>ART\u00cdCULO: La problem\u00e1tica del polvo y la SCR en la industria extractiva<\/b><\/span><\/font><\/td>\n<\/tr>\n<\/tbody>\n<\/table>\n<\/div><div class=\"fusion-flip-boxes flip-boxes row fusion-columns-1 flip-effect-classic\"><div class=\"fusion-flip-box-wrapper fusion-column col-lg-12 col-md-12 col-sm-12\"><div class=\"fusion-flip-box flip-right\" tabindex=\"0\"><div class=\"flip-box-inner-wrapper\"><div class=\"flip-box-front\"><div class=\"flip-box-front-inner\"><div class=\"flip-box-grafix flip-box-image\"><img decoding=\"async\" src=\"https:\/\/www.siliceysalud.es\/wp-content\/uploads\/2021\/01\/Problematica-del-polvo.jpg\" width=\"1357\" height=\"1920\" alt=\"\" \/><\/div><\/div><\/div><div class=\"flip-box-back\" style=\"--awb-background-color-back:#6caae4;--awb-text-back-color:#ffffff;\"><div class=\"flip-box-back-inner\">\n<p style=\"text-align: justify;\"><span style=\"font-family: helvetica, arial, sans-serif;\"><span style=\"font-size: 18.6667px;\">Art\u00edculo en FRECOM sobre La problem\u00e1tica del polvo y la s\u00edlice cristalina en la industria extractiva. Art\u00edculo elaborado por Centro Tecnol\u00f3gico del M\u00e1rmol, Piedra y Materiales (CTM).<\/span><\/span><\/p>\n<p style=\"text-align: justify;\"><span style=\"font-family: helvetica, arial, sans-serif; font-size: 14pt;\">A\u00f1o de publicaci\u00f3n: 2010<\/span><\/p>\n<p style=\"text-align: left;\"><a href=\"https:\/\/www.siliceysalud.es\/wp-content\/uploads\/2020\/01\/2010_ctmarmol_seg_ind_frecom_polvo_silice.pdf\"><span style=\"font-family: helvetica, arial, sans-serif; font-size: 14pt;\"><i class=\"fb-icon-element-6 fb-icon-element fontawesome-icon fa-angle-double-right fas circle-yes fusion-text-flow\" style=\"--awb-circlebordersize:1px;--awb-font-size:28.16px;--awb-width:56.32px;--awb-height:56.32px;--awb-line-height:54.32px;--awb-margin-right:16px;\"><\/i>Accede al art\u00edculo<\/span><\/a><\/p>\n<\/div><\/div><\/div><\/div><\/div><\/div><div class=\"clearfix\"><\/div><div class=\"fusion-clearfix\"><\/div><\/div><\/div><\/div><\/div><div class=\"fusion-fullwidth fullwidth-box fusion-builder-row-4 nonhundred-percent-fullwidth non-hundred-percent-height-scrolling\" style=\"--awb-border-radius-top-left:0px;--awb-border-radius-top-right:0px;--awb-border-radius-bottom-right:0px;--awb-border-radius-bottom-left:0px;--awb-padding-left:22px;--awb-flex-wrap:wrap;\" ><div class=\"fusion-builder-row fusion-row\"><div class=\"fusion-layout-column fusion_builder_column fusion-builder-column-6 fusion_builder_column_1_2 1_2 fusion-one-half fusion-column-first\" style=\"--awb-bg-size:cover;width:50%;width:calc(50% - ( ( 4% ) * 0.5 ) );margin-right: 4%;\"><div class=\"fusion-column-wrapper fusion-column-has-shadow fusion-flex-column-wrapper-legacy\"><div class=\"fusion-text fusion-text-7\"><table style=\"border-collapse: collapse; width: 103.735%;\">\n<tbody>\n<tr>\n<td style=\"width: 100%; background-color: #00098b; text-align: center;\"><font color=\"#ffffff\" face=\"helvetica, arial, sans-serif\"><span style=\"font-size: 18.6667px;\"><b>ART\u00cdCULO: Implicaciones pr\u00e1cticas de la futura aplicaci\u00f3n del RD 665\/1997 a los trabajos con exposici\u00f3n a SCR<\/b><\/span><\/font><\/td>\n<\/tr>\n<\/tbody>\n<\/table>\n<\/div><div class=\"fusion-flip-boxes flip-boxes row fusion-columns-1 flip-effect-classic\"><div class=\"fusion-flip-box-wrapper fusion-column col-lg-12 col-md-12 col-sm-12\"><div class=\"fusion-flip-box flip-right\" tabindex=\"0\"><div class=\"flip-box-inner-wrapper\"><div class=\"flip-box-front\"><div class=\"flip-box-front-inner\"><div class=\"flip-box-grafix flip-box-image\"><img decoding=\"async\" src=\"https:\/\/www.siliceysalud.es\/wp-content\/uploads\/2020\/01\/Revista-innst.jpg\" width=\"1371\" height=\"1920\" alt=\"\" \/><\/div><\/div><\/div><div class=\"flip-box-back\" style=\"--awb-background-color-back:#6caae4;--awb-text-back-color:#ffffff;\"><div class=\"flip-box-back-inner\">\n<p style=\"text-align: justify;\"><span style=\"font-family: helvetica, arial, sans-serif;\"><span style=\"font-size: 18.6667px;\">Publicaci\u00f3n en revista del INSST sobre Seguridad y Salud en el Trabajo, donde se recoge un apartado de las Implicaciones pr\u00e1cticas de la futura aplicaci\u00f3n del Real Decreto 665\/1997 a los trabajos con exposici\u00f3n a polvo de s\u00edlice crsitalina respirable (p\u00e1gina 18) en el que ha colaborado personal del INSST y del Centro Tecnol\u00f3gico del M\u00e1rmol, Piedra y Materiales (CTM).<\/span><\/span><\/p>\n<p style=\"text-align: justify;\"><span style=\"font-family: helvetica, arial, sans-serif; font-size: 14pt;\">A\u00f1o de publicaci\u00f3n: 2011<\/span><\/p>\n<p style=\"text-align: left;\"><a href=\"https:\/\/app.mapfre.com\/documentacion\/publico\/i18n\/catalogo_imagenes\/grupo.do?path=1105008\"><span style=\"font-family: helvetica, arial, sans-serif; font-size: 14pt;\"><i class=\"fb-icon-element-7 fb-icon-element fontawesome-icon fa-angle-double-right fas circle-yes fusion-text-flow\" style=\"--awb-circlebordersize:1px;--awb-font-size:28.16px;--awb-width:56.32px;--awb-height:56.32px;--awb-line-height:54.32px;--awb-margin-right:16px;\"><\/i>Accede a la publicaci\u00f3n<\/span><\/a><\/p>\n<\/div><\/div><\/div><\/div><\/div><\/div><div class=\"clearfix\"><\/div><div class=\"fusion-clearfix\"><\/div><\/div><\/div><div class=\"fusion-layout-column fusion_builder_column fusion-builder-column-7 fusion_builder_column_1_2 1_2 fusion-one-half fusion-column-last\" style=\"--awb-bg-size:cover;width:50%;width:calc(50% - ( ( 4% ) * 0.5 ) );\"><div class=\"fusion-column-wrapper fusion-column-has-shadow fusion-flex-column-wrapper-legacy\"><div class=\"fusion-text fusion-text-8\"><table style=\"border-collapse: collapse; width: 103.735%;\">\n<tbody>\n<tr>\n<td style=\"width: 100%; background-color: #00098b; text-align: center;\"><font color=\"#ffffff\" face=\"helvetica, arial, sans-serif\"><span style=\"font-size: 18.6667px;\"><b>Ficha internacional de seguridad qu\u00edmica del CUARZO. INSST<\/b><\/span><\/font><\/td>\n<\/tr>\n<\/tbody>\n<\/table>\n<\/div><div class=\"fusion-flip-boxes flip-boxes row fusion-columns-1 flip-effect-classic\"><div class=\"fusion-flip-box-wrapper fusion-column col-lg-12 col-md-12 col-sm-12\"><div class=\"fusion-flip-box flip-right\" tabindex=\"0\"><div class=\"flip-box-inner-wrapper\"><div class=\"flip-box-front\"><div class=\"flip-box-front-inner\"><div class=\"flip-box-grafix flip-box-image\"><img decoding=\"async\" src=\"https:\/\/www.siliceysalud.es\/wp-content\/uploads\/2020\/01\/FISQ-Cuarzo...jpg\" width=\"1357\" height=\"1920\" alt=\"\" \/><\/div><\/div><\/div><div class=\"flip-box-back\" style=\"--awb-background-color-back:#6caae4;--awb-text-back-color:#ffffff;\"><div class=\"flip-box-back-inner\">\n<p style=\"text-align: justify;\"><span style=\"font-family: helvetica, arial, sans-serif;\"><span style=\"font-size: 18.6667px;\">Las\u00a0<strong>Fichas Internacionales de Seguridad Qu\u00edmica (FISQ)<\/strong>, versi\u00f3n espa\u00f1ola de las\u00a0<strong>International Chemical Safety Cards (ICSCs)<\/strong>, recogen informaci\u00f3n esencial de seguridad y salud de sustancias qu\u00edmicas contrastada por un grupo de trabajo a nivel internacional. Las ICSCs son una producci\u00f3n conjunta entre el\u00a0<strong>Programa Internacional sobre Seguridad Qu\u00edmica (IPCS)<\/strong>, en el que participa la<em>\u00a0Organizaci\u00f3n Mundial de la Salud y la Oficina Internacional del Trabajo, la Comisi\u00f3n Europea\u00a0<\/em>y una red mundial de instituciones participantes, entre ellas el\u00a0<em>INSST<\/em>. FISQ cuarzo<\/span><\/span><\/p>\n<p style=\"text-align: justify;\"><span style=\"font-family: helvetica, arial, sans-serif; font-size: 14pt;\">A\u00f1o de publicaci\u00f3n: 2016<\/span><\/p>\n<p style=\"text-align: left;\"><a href=\"https:\/\/www.ilo.org\/dyn\/icsc\/showcard.display?p_card_id=808&amp;p_edit=&amp;p_version=2&amp;p_lang=es\"><span style=\"font-family: helvetica, arial, sans-serif; font-size: 14pt;\"><i class=\"fb-icon-element-8 fb-icon-element fontawesome-icon fa-angle-double-right fas circle-yes fusion-text-flow\" style=\"--awb-circlebordersize:1px;--awb-font-size:28.16px;--awb-width:56.32px;--awb-height:56.32px;--awb-line-height:54.32px;--awb-margin-right:16px;\"><\/i>Accede a la publicaci\u00f3n<\/span><\/a><\/p>\n<\/div><\/div><\/div><\/div><\/div><\/div><div class=\"clearfix\"><\/div><div class=\"fusion-clearfix\"><\/div><\/div><\/div><\/div><\/div><div class=\"fusion-fullwidth fullwidth-box fusion-builder-row-5 nonhundred-percent-fullwidth non-hundred-percent-height-scrolling\" style=\"--awb-border-radius-top-left:0px;--awb-border-radius-top-right:0px;--awb-border-radius-bottom-right:0px;--awb-border-radius-bottom-left:0px;--awb-padding-left:22px;--awb-flex-wrap:wrap;\" ><div class=\"fusion-builder-row fusion-row\"><div class=\"fusion-layout-column fusion_builder_column fusion-builder-column-8 fusion_builder_column_1_2 1_2 fusion-one-half fusion-column-first\" style=\"--awb-bg-size:cover;width:50%;width:calc(50% - ( ( 4% ) * 0.5 ) );margin-right: 4%;\"><div class=\"fusion-column-wrapper fusion-column-has-shadow fusion-flex-column-wrapper-legacy\"><div class=\"fusion-text fusion-text-9\"><table style=\"border-collapse: collapse; width: 103.735%;\">\n<tbody>\n<tr>\n<td style=\"width: 100%; background-color: #00098b; text-align: center;\"><font color=\"#ffffff\" face=\"helvetica, arial, sans-serif\"><span style=\"font-size: 18.6667px;\"><b>Ficha internacional de seguridad qu\u00edmica del CRISTOBALITA. INSST<\/b><\/span><\/font><\/td>\n<\/tr>\n<\/tbody>\n<\/table>\n<\/div><div class=\"fusion-flip-boxes flip-boxes row fusion-columns-1 flip-effect-classic\"><div class=\"fusion-flip-box-wrapper fusion-column col-lg-12 col-md-12 col-sm-12\"><div class=\"fusion-flip-box flip-right\" tabindex=\"0\"><div class=\"flip-box-inner-wrapper\"><div class=\"flip-box-front\"><div class=\"flip-box-front-inner\"><div class=\"flip-box-grafix flip-box-image\"><img decoding=\"async\" src=\"https:\/\/www.siliceysalud.es\/wp-content\/uploads\/2020\/01\/FISQ-Cristobalita.jpg\" width=\"1357\" height=\"1920\" alt=\"\" \/><\/div><\/div><\/div><div class=\"flip-box-back\" style=\"--awb-background-color-back:#6caae4;--awb-text-back-color:#ffffff;\"><div class=\"flip-box-back-inner\">\n<p style=\"text-align: justify;\"><span style=\"font-family: helvetica, arial, sans-serif;\"><span style=\"font-size: 18.6667px;\">Las\u00a0<strong>Fichas Internacionales de Seguridad Qu\u00edmica (FISQ)<\/strong>, versi\u00f3n espa\u00f1ola de las\u00a0<strong>International Chemical Safety Cards (ICSCs)<\/strong>, recogen informaci\u00f3n esencial de seguridad y salud de sustancias qu\u00edmicas contrastada por un grupo de trabajo a nivel internacional. Las ICSCs son una producci\u00f3n conjunta entre el\u00a0<strong>Programa Internacional sobre Seguridad Qu\u00edmica (IPCS)<\/strong>, en el que participa la<em>\u00a0Organizaci\u00f3n Mundial de la Salud y la Oficina Internacional del Trabajo, la Comisi\u00f3n Europea\u00a0<\/em>y una red mundial de instituciones participantes, entre ellas el\u00a0<em>INSST<\/em>. FISQ cristobalita<\/span><\/span><\/p>\n<p style=\"text-align: justify;\"><span style=\"font-family: helvetica, arial, sans-serif; font-size: 14pt;\">A\u00f1o de publicaci\u00f3n: 2016<\/span><\/p>\n<p style=\"text-align: left;\"><a href=\"https:\/\/www.ilo.org\/dyn\/icsc\/showcard.display?p_card_id=809&amp;p_edit=&amp;p_version=2&amp;p_lang=es\"><span style=\"font-family: helvetica, arial, sans-serif; font-size: 14pt;\"><i class=\"fb-icon-element-9 fb-icon-element fontawesome-icon fa-angle-double-right fas circle-yes fusion-text-flow\" style=\"--awb-circlebordersize:1px;--awb-font-size:28.16px;--awb-width:56.32px;--awb-height:56.32px;--awb-line-height:54.32px;--awb-margin-right:16px;\"><\/i>Accede a la publicaci\u00f3n<\/span><\/a><\/p>\n<\/div><\/div><\/div><\/div><\/div><\/div><div class=\"clearfix\"><\/div><div class=\"fusion-clearfix\"><\/div><\/div><\/div><\/div><\/div><\/p>\n","protected":false},"excerpt":{"rendered":"","protected":false},"author":1,"featured_media":0,"parent":249,"menu_order":0,"comment_status":"closed","ping_status":"closed","template":"100-width.php","meta":{"_exactmetrics_skip_tracking":false,"_exactmetrics_sitenote_active":false,"_exactmetrics_sitenote_note":"","_exactmetrics_sitenote_category":0,"footnotes":""},"class_list":["post-283","page","type-page","status-publish","hentry"],"_links":{"self":[{"href":"https:\/\/www.siliceysalud.es\/index.php\/wp-json\/wp\/v2\/pages\/283","targetHints":{"allow":["GET"]}}],"collection":[{"href":"https:\/\/www.siliceysalud.es\/index.php\/wp-json\/wp\/v2\/pages"}],"about":[{"href":"https:\/\/www.siliceysalud.es\/index.php\/wp-json\/wp\/v2\/types\/page"}],"author":[{"embeddable":true,"href":"https:\/\/www.siliceysalud.es\/index.php\/wp-json\/wp\/v2\/users\/1"}],"replies":[{"embeddable":true,"href":"https:\/\/www.siliceysalud.es\/index.php\/wp-json\/wp\/v2\/comments?post=283"}],"version-history":[{"count":38,"href":"https:\/\/www.siliceysalud.es\/index.php\/wp-json\/wp\/v2\/pages\/283\/revisions"}],"predecessor-version":[{"id":2976,"href":"https:\/\/www.siliceysalud.es\/index.php\/wp-json\/wp\/v2\/pages\/283\/revisions\/2976"}],"up":[{"embeddable":true,"href":"https:\/\/www.siliceysalud.es\/index.php\/wp-json\/wp\/v2\/pages\/249"}],"wp:attachment":[{"href":"https:\/\/www.siliceysalud.es\/index.php\/wp-json\/wp\/v2\/media?parent=283"}],"curies":[{"name":"wp","href":"https:\/\/api.w.org\/{rel}","templated":true}]}}