{"id":328,"date":"2019-09-20T10:22:27","date_gmt":"2019-09-20T08:22:27","guid":{"rendered":"https:\/\/www.siliceysalud.es\/?page_id=328"},"modified":"2023-10-20T11:02:38","modified_gmt":"2023-10-20T09:02:38","slug":"comportamiento-de-las-particulas-en-el-cuerpo","status":"publish","type":"page","link":"https:\/\/www.siliceysalud.es\/index.php\/el-polvo-y-la-scr\/la-silice\/comportamiento-de-las-particulas-en-el-cuerpo\/","title":{"rendered":"Comportamiento de las part\u00edculas en el cuerpo"},"content":{"rendered":"<p><div class=\"fusion-fullwidth fullwidth-box fusion-builder-row-1 nonhundred-percent-fullwidth non-hundred-percent-height-scrolling\" style=\"--awb-border-radius-top-left:0px;--awb-border-radius-top-right:0px;--awb-border-radius-bottom-right:0px;--awb-border-radius-bottom-left:0px;--awb-padding-right:0px;--awb-padding-bottom:0px;--awb-padding-left:0px;--awb-margin-bottom:0px;--awb-flex-wrap:wrap;\" ><div class=\"fusion-builder-row fusion-row\"><div class=\"fusion-layout-column fusion_builder_column fusion-builder-column-0 fusion_builder_column_1_1 1_1 fusion-one-full fusion-column-first fusion-column-last\" style=\"--awb-bg-size:cover;\"><div class=\"fusion-column-wrapper fusion-column-has-shadow fusion-flex-column-wrapper-legacy\"><div class=\"fusion-text fusion-text-1\"><p style=\"text-align: justify;\"><span style=\"font-family: helvetica, arial, sans-serif; font-size: 14pt;\">Es importante indicar que el t\u00e9rmino solubilidad indica el hecho de que una sustancia se pueda disolver, es decir, es la capacidad con la que cuenta cierta sustancia para disolverse en otra.<\/span><\/p>\n<p style=\"text-align: justify;\"><span style=\"font-family: helvetica, arial, sans-serif; font-size: 14pt;\">En el caso de la s\u00edlice cristalina respirable, esta est\u00e1 clasificada como insoluble, lo cual puede provocar una acumulaci\u00f3n en las v\u00edas respiratorias pudiendo causar neumoconiosis, a diferencia de las part\u00edculas solubles que en funci\u00f3n de la composici\u00f3n, pueden llegar a generar una enfermedad cr\u00f3nica.<\/span><\/p>\n<p style=\"text-align: justify;\"><span style=\"font-family: helvetica, arial, sans-serif; font-size: 14pt;\">El concepto de la solubilidad es fundamental en part\u00edculas insolubles, ya que determina d\u00f3nde se produce el efecto y la fracci\u00f3n de inter\u00e9s.<\/span><\/p>\n<p style=\"text-align: justify;\"><span style=\"font-family: helvetica, arial, sans-serif; font-size: 14pt;\">A pesar de esto, las variables relacionadas con el comportamiento de las part\u00edculas en el cuerpo son:<\/span><\/p>\n<ul style=\"text-align: justify;\">\n<li><span style=\"font-family: helvetica, arial, sans-serif; font-size: 14pt;\">Tama\u00f1o de la part\u00edcula.<\/span><\/li>\n<li><span style=\"font-family: helvetica, arial, sans-serif; font-size: 14pt;\">Forma.<\/span><\/li>\n<li><span style=\"font-family: helvetica, arial, sans-serif; font-size: 14pt;\">Masa.<\/span><\/li>\n<li><span style=\"font-family: helvetica, arial, sans-serif; font-size: 14pt;\">Orientaci\u00f3n.<\/span><\/li>\n<li><span style=\"font-family: helvetica, arial, sans-serif; font-size: 14pt;\">Densidad y viscosidad del aire.<\/span><\/li>\n<li><span style=\"font-family: helvetica, arial, sans-serif; font-size: 14pt;\">Dep\u00f3sito.<\/span><\/li>\n<\/ul>\n<p style=\"text-align: justify;\"><span style=\"font-family: helvetica, arial, sans-serif; font-size: 14pt;\">En el caso del dep\u00f3sito, las part\u00edculas dentro del tracto respiratorio pueden ser retenidas por el organismo en diferentes formas:<\/span><\/p>\n<\/div><div class=\"fusion-clearfix\"><\/div><\/div><\/div><\/div><\/div><div class=\"fusion-fullwidth fullwidth-box fusion-builder-row-2 nonhundred-percent-fullwidth non-hundred-percent-height-scrolling\" style=\"--awb-border-radius-top-left:0px;--awb-border-radius-top-right:0px;--awb-border-radius-bottom-right:0px;--awb-border-radius-bottom-left:0px;--awb-flex-wrap:wrap;\" ><div class=\"fusion-builder-row fusion-row\"><div class=\"fusion-layout-column fusion_builder_column fusion-builder-column-1 fusion_builder_column_1_1 1_1 fusion-one-full fusion-column-first fusion-column-last\" style=\"--awb-bg-size:cover;\"><div class=\"fusion-column-wrapper fusion-column-has-shadow fusion-flex-column-wrapper-legacy\"><div class=\"accordian fusion-accordian\" style=\"--awb-border-size:1px;--awb-icon-size:13px;--awb-content-font-size:14px;--awb-icon-alignment:left;--awb-hover-color:#f9f9f9;--awb-border-color:#cccccc;--awb-background-color:#ffffff;--awb-divider-color:#e0dede;--awb-divider-hover-color:#e0dede;--awb-icon-color:#ffffff;--awb-title-color:#333333;--awb-content-color:#747474;--awb-icon-box-color:#333333;--awb-toggle-hover-accent-color:#6caae4;--awb-title-font-family:Arial, Helvetica, sans-serif;--awb-title-font-weight:400;--awb-title-font-style:normal;--awb-title-font-size:18px;--awb-title-line-height:1.5;--awb-content-font-family:Arial, Helvetica, sans-serif;--awb-content-font-style:normal;--awb-content-font-weight:400;\"><div class=\"panel-group fusion-toggle-icon-boxed\" id=\"accordion-328-1\"><div class=\"fusion-panel panel-default panel-162771f6c200c84ae fusion-toggle-has-divider\"><div class=\"panel-heading\"><h4 class=\"panel-title toggle\" id=\"toggle_162771f6c200c84ae\"><a aria-expanded=\"false\" aria-controls=\"162771f6c200c84ae\" role=\"button\" data-toggle=\"collapse\" data-parent=\"#accordion-328-1\" data-target=\"#162771f6c200c84ae\" href=\"#162771f6c200c84ae\"><span class=\"fusion-toggle-icon-wrapper\" aria-hidden=\"true\"><i class=\"fa-fusion-box active-icon awb-icon-minus\" aria-hidden=\"true\"><\/i><i class=\"fa-fusion-box inactive-icon awb-icon-plus\" aria-hidden=\"true\"><\/i><\/span><span class=\"fusion-toggle-heading\">Impactaci\u00f3n<\/span><\/a><\/h4><\/div><div id=\"162771f6c200c84ae\" class=\"panel-collapse collapse \" aria-labelledby=\"toggle_162771f6c200c84ae\"><div class=\"panel-body toggle-content fusion-clearfix\">\n<p><span style=\"font-family: helvetica, arial, sans-serif; font-size: 14pt;\">Esta se produce cuando hay un choque de la part\u00edcula que se est\u00e1 moviendo contra la superficie de la conducci\u00f3n cuando existe un cambio en la direcci\u00f3n de la corriente o flujo, tal y como se muestra en las ilustraciones siguientes.<\/span><\/p>\n<table style=\"border-collapse: collapse; width: 100%;\">\n<tbody>\n<tr>\n<td style=\"width: 50%;\"><span style=\"font-family: helvetica, arial, sans-serif; font-size: 14pt;\"><img decoding=\"async\" class=\"aligncenter wp-image-655\" src=\"https:\/\/www.siliceysalud.es\/wp-content\/uploads\/2019\/10\/Impacto-2.jpg\" alt=\"\" width=\"334\" height=\"211\" srcset=\"https:\/\/www.siliceysalud.es\/wp-content\/uploads\/2019\/10\/Impacto-2-200x127.jpg 200w, https:\/\/www.siliceysalud.es\/wp-content\/uploads\/2019\/10\/Impacto-2-300x190.jpg 300w, https:\/\/www.siliceysalud.es\/wp-content\/uploads\/2019\/10\/Impacto-2-320x202.jpg 320w, https:\/\/www.siliceysalud.es\/wp-content\/uploads\/2019\/10\/Impacto-2-400x253.jpg 400w, https:\/\/www.siliceysalud.es\/wp-content\/uploads\/2019\/10\/Impacto-2.jpg 430w\" sizes=\"(max-width: 334px) 100vw, 334px\" \/><\/span><\/td>\n<td style=\"width: 50%;\"><span style=\"font-family: helvetica, arial, sans-serif; font-size: 14pt;\"><img decoding=\"async\" class=\"aligncenter wp-image-654\" src=\"https:\/\/www.siliceysalud.es\/wp-content\/uploads\/2019\/10\/impacto-1.jpg\" alt=\"\" width=\"333\" height=\"213\" srcset=\"https:\/\/www.siliceysalud.es\/wp-content\/uploads\/2019\/10\/impacto-1-200x128.jpg 200w, https:\/\/www.siliceysalud.es\/wp-content\/uploads\/2019\/10\/impacto-1-300x192.jpg 300w, https:\/\/www.siliceysalud.es\/wp-content\/uploads\/2019\/10\/impacto-1-400x256.jpg 400w, https:\/\/www.siliceysalud.es\/wp-content\/uploads\/2019\/10\/impacto-1.jpg 425w\" sizes=\"(max-width: 333px) 100vw, 333px\" \/><\/span><\/td>\n<\/tr>\n<\/tbody>\n<\/table>\n<p><span style=\"font-family: helvetica, arial, sans-serif; font-size: 14pt;\">\u00a0<\/span><\/p>\n<p><span style=\"font-family: helvetica, arial, sans-serif; font-size: 14pt;\">Depende de la velocidad de la part\u00edcula, la masa de la part\u00edcula y el cambio de direcci\u00f3n del conducto.<\/span><\/p>\n<p><span style=\"font-family: helvetica, arial, sans-serif; font-size: 14pt;\">El dep\u00f3sito por impactaci\u00f3n suele producirse en la regi\u00f3n nasofar\u00edngea y en la regi\u00f3n traqueobronquial.<\/span><\/p>\n<\/div><\/div><\/div><div class=\"fusion-panel panel-default panel-0ea6f63bb363b797f fusion-toggle-has-divider\"><div class=\"panel-heading\"><h4 class=\"panel-title toggle\" id=\"toggle_0ea6f63bb363b797f\"><a aria-expanded=\"false\" aria-controls=\"0ea6f63bb363b797f\" role=\"button\" data-toggle=\"collapse\" data-parent=\"#accordion-328-1\" data-target=\"#0ea6f63bb363b797f\" href=\"#0ea6f63bb363b797f\"><span class=\"fusion-toggle-icon-wrapper\" aria-hidden=\"true\"><i class=\"fa-fusion-box active-icon awb-icon-minus\" aria-hidden=\"true\"><\/i><i class=\"fa-fusion-box inactive-icon awb-icon-plus\" aria-hidden=\"true\"><\/i><\/span><span class=\"fusion-toggle-heading\">Interceptaci\u00f3n<\/span><\/a><\/h4><\/div><div id=\"0ea6f63bb363b797f\" class=\"panel-collapse collapse \" aria-labelledby=\"toggle_0ea6f63bb363b797f\"><div class=\"panel-body toggle-content fusion-clearfix\">\n<p><span style=\"font-family: helvetica, arial, sans-serif; font-size: 14pt;\">En este caso, el choque de la part\u00edcula se produce con los conductos respiratorios por pasar cerca de las paredes de estos.<\/span><\/p>\n<p><span style=\"font-family: helvetica, arial, sans-serif; font-size: 14pt;\">La interceptaci\u00f3n depende de la forma \/ tama\u00f1o de la part\u00edcula, as\u00ed como del tama\u00f1o, di\u00e1metro y forma de las v\u00edas respiratorias.<\/span><\/p>\n<p><span style=\"font-family: helvetica, arial, sans-serif; font-size: 14pt;\">En esta ocasi\u00f3n el dep\u00f3sito, como en el caso anterior, se produce en la regi\u00f3n nasofar\u00edngea y en la regi\u00f3n traqueobronquial.<\/span><\/p>\n<\/div><\/div><\/div><div class=\"fusion-panel panel-default panel-b46fed463752a889e fusion-toggle-has-divider\" style=\"--awb-title-color:#333333;--awb-content-color:#747474;\"><div class=\"panel-heading\"><h4 class=\"panel-title toggle\" id=\"toggle_b46fed463752a889e\"><a aria-expanded=\"false\" aria-controls=\"b46fed463752a889e\" role=\"button\" data-toggle=\"collapse\" data-parent=\"#accordion-328-1\" data-target=\"#b46fed463752a889e\" href=\"#b46fed463752a889e\"><span class=\"fusion-toggle-icon-wrapper\" aria-hidden=\"true\"><i class=\"fa-fusion-box active-icon awb-icon-minus\" aria-hidden=\"true\"><\/i><i class=\"fa-fusion-box inactive-icon awb-icon-plus\" aria-hidden=\"true\"><\/i><\/span><span class=\"fusion-toggle-heading\">Sedimentaci\u00f3n<\/span><\/a><\/h4><\/div><div id=\"b46fed463752a889e\" class=\"panel-collapse collapse \" aria-labelledby=\"toggle_b46fed463752a889e\"><div class=\"panel-body toggle-content fusion-clearfix\">\n<p><span style=\"font-family: helvetica, arial, sans-serif; font-size: 14pt;\">En esta ocasi\u00f3n hay que considerar el choque de la part\u00edcula en las paredes de las v\u00edas respiratorias por efecto de la gravedad, tal y como se muestra a continuaci\u00f3n.<\/span><\/p>\n<p><img decoding=\"async\" class=\"aligncenter wp-image-2983\" src=\"https:\/\/www.siliceysalud.es\/wp-content\/uploads\/2021\/01\/sedimentacion-2.png\" alt=\"\" width=\"255\" height=\"160\" srcset=\"https:\/\/www.siliceysalud.es\/wp-content\/uploads\/2021\/01\/sedimentacion-2-200x125.png 200w, https:\/\/www.siliceysalud.es\/wp-content\/uploads\/2021\/01\/sedimentacion-2-300x188.png 300w, https:\/\/www.siliceysalud.es\/wp-content\/uploads\/2021\/01\/sedimentacion-2-320x202.png 320w, https:\/\/www.siliceysalud.es\/wp-content\/uploads\/2021\/01\/sedimentacion-2-400x251.png 400w, https:\/\/www.siliceysalud.es\/wp-content\/uploads\/2021\/01\/sedimentacion-2.png 437w\" sizes=\"(max-width: 255px) 100vw, 255px\" \/><\/p>\n<p><img decoding=\"async\" class=\"aligncenter wp-image-2984\" src=\"https:\/\/www.siliceysalud.es\/wp-content\/uploads\/2021\/01\/sedimentacion-1.png\" alt=\"\" width=\"252\" height=\"160\" srcset=\"https:\/\/www.siliceysalud.es\/wp-content\/uploads\/2021\/01\/sedimentacion-1-200x127.png 200w, https:\/\/www.siliceysalud.es\/wp-content\/uploads\/2021\/01\/sedimentacion-1-300x191.png 300w, https:\/\/www.siliceysalud.es\/wp-content\/uploads\/2021\/01\/sedimentacion-1-320x202.png 320w, https:\/\/www.siliceysalud.es\/wp-content\/uploads\/2021\/01\/sedimentacion-1-400x255.png 400w, https:\/\/www.siliceysalud.es\/wp-content\/uploads\/2021\/01\/sedimentacion-1.png 430w\" sizes=\"(max-width: 252px) 100vw, 252px\" \/><\/p>\n<p><span style=\"font-family: helvetica, arial, sans-serif; font-size: 14pt;\">Depende del di\u00e1metro aerodin\u00e1mico, la velocidad del aire, el tama\u00f1o de las v\u00edas respiratorias y de la higroscopicidad (capacidad de absorber humedad).<\/span><\/p>\n<p><span style=\"font-family: helvetica, arial, sans-serif; font-size: 14pt;\">La sedimentaci\u00f3n tiene relaci\u00f3n con el dep\u00f3sito en la regi\u00f3n traqueobronquial y en la regi\u00f3n de intercambio de gases.<\/span><\/p>\n<\/div><\/div><\/div><div class=\"fusion-panel panel-default panel-513a6cdfc88a1837d fusion-toggle-has-divider\"><div class=\"panel-heading\"><h4 class=\"panel-title toggle\" id=\"toggle_513a6cdfc88a1837d\"><a aria-expanded=\"false\" aria-controls=\"513a6cdfc88a1837d\" role=\"button\" data-toggle=\"collapse\" data-parent=\"#accordion-328-1\" data-target=\"#513a6cdfc88a1837d\" href=\"#513a6cdfc88a1837d\"><span class=\"fusion-toggle-icon-wrapper\" aria-hidden=\"true\"><i class=\"fa-fusion-box active-icon awb-icon-minus\" aria-hidden=\"true\"><\/i><i class=\"fa-fusion-box inactive-icon awb-icon-plus\" aria-hidden=\"true\"><\/i><\/span><span class=\"fusion-toggle-heading\">Difusi\u00f3n<\/span><\/a><\/h4><\/div><div id=\"513a6cdfc88a1837d\" class=\"panel-collapse collapse \" aria-labelledby=\"toggle_513a6cdfc88a1837d\"><div class=\"panel-body toggle-content fusion-clearfix\">\n<p><span style=\"font-family: helvetica, arial, sans-serif; font-size: 14pt;\">Es la interceptaci\u00f3n de las part\u00edculas en las superficies del conducto respiratorio por el movimiento aleatorio de estas.<\/span><\/p>\n<table style=\"border-collapse: collapse; width: 100%;\">\n<tbody>\n<tr>\n<td style=\"width: 50%;\"><img decoding=\"async\" class=\"aligncenter size-full wp-image-667\" src=\"https:\/\/www.siliceysalud.es\/wp-content\/uploads\/2019\/10\/difusion-1.png\" alt=\"\" width=\"423\" height=\"265\" srcset=\"https:\/\/www.siliceysalud.es\/wp-content\/uploads\/2019\/10\/difusion-1-200x125.png 200w, https:\/\/www.siliceysalud.es\/wp-content\/uploads\/2019\/10\/difusion-1-300x188.png 300w, https:\/\/www.siliceysalud.es\/wp-content\/uploads\/2019\/10\/difusion-1-400x251.png 400w, https:\/\/www.siliceysalud.es\/wp-content\/uploads\/2019\/10\/difusion-1.png 423w\" sizes=\"(max-width: 423px) 100vw, 423px\" \/><\/td>\n<td style=\"width: 50%;\"><img decoding=\"async\" class=\"aligncenter size-full wp-image-668\" src=\"https:\/\/www.siliceysalud.es\/wp-content\/uploads\/2019\/10\/difusion-2.png\" alt=\"\" width=\"325\" height=\"272\" srcset=\"https:\/\/www.siliceysalud.es\/wp-content\/uploads\/2019\/10\/difusion-2-200x167.png 200w, https:\/\/www.siliceysalud.es\/wp-content\/uploads\/2019\/10\/difusion-2-300x251.png 300w, https:\/\/www.siliceysalud.es\/wp-content\/uploads\/2019\/10\/difusion-2.png 325w\" sizes=\"(max-width: 325px) 100vw, 325px\" \/><\/td>\n<\/tr>\n<\/tbody>\n<\/table>\n<p><span style=\"font-family: helvetica, arial, sans-serif; font-size: 14pt;\">\u00a0<\/span><\/p>\n<p><span style=\"font-family: helvetica, arial, sans-serif; font-size: 14pt;\">Depende del di\u00e1metro geom\u00e9trico y del tama\u00f1o de las v\u00edas respiratorias.<\/span><\/p>\n<p><span style=\"font-family: helvetica, arial, sans-serif; font-size: 14pt;\">La difusi\u00f3n, como en el caso de la sedimentaci\u00f3n, tiene relaci\u00f3n con el dep\u00f3sito en la regi\u00f3n traqueobronquial y en la regi\u00f3n de intercambio de gases.<\/span><\/p>\n<\/div><\/div><\/div><div class=\"fusion-panel panel-default panel-c86fa515bd6742ad9 fusion-toggle-has-divider\"><div class=\"panel-heading\"><h4 class=\"panel-title toggle\" id=\"toggle_c86fa515bd6742ad9\"><a aria-expanded=\"false\" aria-controls=\"c86fa515bd6742ad9\" role=\"button\" data-toggle=\"collapse\" data-parent=\"#accordion-328-1\" data-target=\"#c86fa515bd6742ad9\" href=\"#c86fa515bd6742ad9\"><span class=\"fusion-toggle-icon-wrapper\" aria-hidden=\"true\"><i class=\"fa-fusion-box active-icon awb-icon-minus\" aria-hidden=\"true\"><\/i><i class=\"fa-fusion-box inactive-icon awb-icon-plus\" aria-hidden=\"true\"><\/i><\/span><span class=\"fusion-toggle-heading\">Atracci\u00f3n electrost\u00e1tica<\/span><\/a><\/h4><\/div><div id=\"c86fa515bd6742ad9\" class=\"panel-collapse collapse \" aria-labelledby=\"toggle_c86fa515bd6742ad9\"><div class=\"panel-body toggle-content fusion-clearfix\">\n<p><span style=\"font-family: helvetica, arial, sans-serif; font-size: 14pt;\">Es la uni\u00f3n natural de part\u00edculas con carga positiva (+) con superficies con carga negativa (-).<\/span><\/p>\n<p><span style=\"font-family: helvetica, arial, sans-serif; font-size: 14pt;\">Depende del di\u00e1metro geom\u00e9trico, del tama\u00f1o de las v\u00edas respiratorias y de la velocidad del aire.<\/span><\/p>\n<p><span style=\"font-family: helvetica, arial, sans-serif; font-size: 14pt;\">Puede depositarse en cualquier parte del recorrido.<\/span><\/p>\n<\/div><\/div><\/div><\/div><\/div><div class=\"fusion-sep-clear\"><\/div><div class=\"fusion-separator\" style=\"margin-left: auto;margin-right: auto;width:100%;max-width:10px;\"><div class=\"fusion-separator-border sep-double\" style=\"--awb-height:20px;--awb-amount:20px;--awb-sep-color:#ffffff;border-color:#ffffff;border-top-width:1px;border-bottom-width:1px;\"><\/div><\/div><div class=\"fusion-sep-clear\"><\/div><div class=\"fusion-clearfix\"><\/div><\/div><\/div><\/div><\/div><div class=\"fusion-fullwidth fullwidth-box fusion-builder-row-3 nonhundred-percent-fullwidth non-hundred-percent-height-scrolling\" style=\"--awb-border-radius-top-left:0px;--awb-border-radius-top-right:0px;--awb-border-radius-bottom-right:0px;--awb-border-radius-bottom-left:0px;--awb-flex-wrap:wrap;\" ><div class=\"fusion-builder-row fusion-row\"><div class=\"fusion-layout-column fusion_builder_column fusion-builder-column-2 fusion_builder_column_1_1 1_1 fusion-one-full fusion-column-first fusion-column-last\" style=\"--awb-bg-size:cover;\"><div class=\"fusion-column-wrapper fusion-column-has-shadow fusion-flex-column-wrapper-legacy\"><div class=\"fusion-text fusion-text-2\"><table style=\"border-collapse: collapse; width: 100%;\">\n<tbody>\n<tr>\n<td style=\"width: 2.39808%; text-align: right;\"><span style=\"font-family: helvetica, arial, sans-serif; font-size: 14pt;\"><i class=\"fb-icon-element-1 fb-icon-element fontawesome-icon fa-angle-double-right fas circle-yes fusion-text-flow\" style=\"--awb-circlecolor:#00098b;--awb-circlecolor-hover:#00098b;--awb-circlebordercolor:#6caae4;--awb-circlebordercolor-hover:#6caae4;--awb-circlebordersize:1px;--awb-font-size:17.6px;--awb-width:35.2px;--awb-height:35.2px;--awb-line-height:33.2px;--awb-margin-right:10px;\"><\/i><\/span><\/td>\n<td style=\"width: 97.6019%;\"><a href=\"https:\/\/www.siliceysalud.es\/index.php\/el-polvo-y-la-scr\/la-silice\/donde-se-encuentra\/\"><strong><span style=\"font-family: helvetica, arial, sans-serif; font-size: 14pt;\"><span style=\"font-size: 12pt;\">Sigue leyendo sobre d\u00f3nde se encuentra la s\u00edlice cristalina<\/span><\/span><\/strong><\/a><\/td>\n<\/tr>\n<\/tbody>\n<\/table>\n<\/div><div class=\"fusion-clearfix\"><\/div><\/div><\/div><\/div><\/div><\/p>\n","protected":false},"excerpt":{"rendered":"","protected":false},"author":1,"featured_media":0,"parent":30,"menu_order":0,"comment_status":"closed","ping_status":"closed","template":"100-width.php","meta":{"_exactmetrics_skip_tracking":false,"_exactmetrics_sitenote_active":false,"_exactmetrics_sitenote_note":"","_exactmetrics_sitenote_category":0,"footnotes":""},"class_list":["post-328","page","type-page","status-publish","hentry"],"_links":{"self":[{"href":"https:\/\/www.siliceysalud.es\/index.php\/wp-json\/wp\/v2\/pages\/328","targetHints":{"allow":["GET"]}}],"collection":[{"href":"https:\/\/www.siliceysalud.es\/index.php\/wp-json\/wp\/v2\/pages"}],"about":[{"href":"https:\/\/www.siliceysalud.es\/index.php\/wp-json\/wp\/v2\/types\/page"}],"author":[{"embeddable":true,"href":"https:\/\/www.siliceysalud.es\/index.php\/wp-json\/wp\/v2\/users\/1"}],"replies":[{"embeddable":true,"href":"https:\/\/www.siliceysalud.es\/index.php\/wp-json\/wp\/v2\/comments?post=328"}],"version-history":[{"count":33,"href":"https:\/\/www.siliceysalud.es\/index.php\/wp-json\/wp\/v2\/pages\/328\/revisions"}],"predecessor-version":[{"id":3158,"href":"https:\/\/www.siliceysalud.es\/index.php\/wp-json\/wp\/v2\/pages\/328\/revisions\/3158"}],"up":[{"embeddable":true,"href":"https:\/\/www.siliceysalud.es\/index.php\/wp-json\/wp\/v2\/pages\/30"}],"wp:attachment":[{"href":"https:\/\/www.siliceysalud.es\/index.php\/wp-json\/wp\/v2\/media?parent=328"}],"curies":[{"name":"wp","href":"https:\/\/api.w.org\/{rel}","templated":true}]}}